{"id":1436,"date":"2022-07-11T10:55:00","date_gmt":"2022-07-11T10:55:00","guid":{"rendered":"https:\/\/sabinereiser.de\/?page_id=1436"},"modified":"2026-04-29T13:30:31","modified_gmt":"2026-04-29T13:30:31","slug":"start-2","status":"publish","type":"page","link":"https:\/\/sabinereiser.de\/","title":{"rendered":"Start N"},"content":{"rendered":"\n<section class=\"wp-block-uagb-columns uagb-columns__wrap uagb-columns__background-none uagb-columns__stack-mobile uagb-columns__valign- uagb-columns__gap-10 align uagb-block-8bafed9c uagb-columns__columns-1 uagb-columns__max_width-theme\"><div class=\"uagb-columns__overlay\"><\/div><div class=\"uagb-columns__inner-wrap uagb-columns__columns-1\">\n<div class=\"wp-block-uagb-column uagb-column__wrap uagb-column__background-undefined uagb-block-0b3d96dc\"><div class=\"uagb-column__overlay\"><\/div><div class=\"wp-block-image links ticss-0e1feab7\">\n<figure class=\"alignleft size-full\"><a href=\"https:\/\/sabinereiser.de\/?p=988\"><img loading=\"lazy\" decoding=\"async\" width=\"2560\" height=\"1703\" src=\"https:\/\/sabinereiser.de\/wp-content\/uploads\/2021\/12\/starter_punkte-scaled.jpg\" alt=\"\" class=\"wp-image-1188\" srcset=\"https:\/\/sabinereiser.de\/wp-content\/uploads\/2021\/12\/starter_punkte-scaled.jpg 2560w, https:\/\/sabinereiser.de\/wp-content\/uploads\/2021\/12\/starter_punkte-300x200.jpg 300w, https:\/\/sabinereiser.de\/wp-content\/uploads\/2021\/12\/starter_punkte-1024x681.jpg 1024w, https:\/\/sabinereiser.de\/wp-content\/uploads\/2021\/12\/starter_punkte-768x511.jpg 768w, https:\/\/sabinereiser.de\/wp-content\/uploads\/2021\/12\/starter_punkte-1536x1022.jpg 1536w, https:\/\/sabinereiser.de\/wp-content\/uploads\/2021\/12\/starter_punkte-2048x1362.jpg 2048w, https:\/\/sabinereiser.de\/wp-content\/uploads\/2021\/12\/starter_punkte-930x620.jpg 930w\" sizes=\"auto, (max-width: 2560px) 100vw, 2560px\" \/><\/a><figcaption class=\"wp-element-caption\"><strong>work in progress<\/strong><br>Bauen im l\u00e4ndlichen Kontext, Errichtung eines Ensembles bestehend aus zwei 6 Familienh\u00e4usern in Holzhybridbauweise in K\u00f6rperich, LP 1-4<br>Nutzung: Wohnraum\/Vermietung<br>Ort: K\u00f6rperich S\u00fcdeifel<br>BGF: ca. 1.100 m\u00b2<br>Jahr: 2019-2022<\/figcaption><\/figure>\n<\/div>\n\n\n<h2 class=\"wp-block-heading has-text-align-center\">&#8230;und realisieren passgenaue, einzigartige<br>und effiziente Innen- und Au\u00dfen-<br>Architektur nach Ihren pers\u00f6nlichen Anspr\u00fcchen<br>im regionalen Kontext.<\/h2>\n<\/div>\n<\/div><\/section>\n\n\n\n<section class=\"wp-block-uagb-columns uagb-columns__wrap uagb-columns__background-none uagb-columns__stack-mobile uagb-columns__valign- uagb-columns__gap-10 align uagb-block-924f199a uagb-columns__columns-1 uagb-columns__max_width-theme\"><div class=\"uagb-columns__overlay\"><\/div><div class=\"uagb-columns__inner-wrap uagb-columns__columns-1\">\n<div class=\"wp-block-uagb-column uagb-column__wrap uagb-column__background-undefined uagb-block-c5ad93d1\"><div class=\"uagb-column__overlay\"><\/div>\n<div style=\"height:30px\" aria-hidden=\"true\" class=\"wp-block-spacer\"><\/div>\n\n\n\n<h2 class=\"wp-block-heading has-text-align-center\" style=\"font-size:52px\">*<br>Wir sind dabei mit unserem<br>Pilotprojekt der seriellen<br>Fassadensanierung<br>der Turnhalle in K\u00f6rperich<br>*<\/h2>\n\n\n\n<p class=\"has-text-align-center has-medium-font-size\"><strong>*<br>gef\u00f6rdert durch:<br>Holzbau Cluster Rheinland Pfalz<br>*<\/strong><\/p>\n\n\n\n<div class=\"wp-block-columns is-layout-flex wp-container-core-columns-is-layout-9d6595d7 wp-block-columns-is-layout-flex\">\n<div class=\"wp-block-column is-layout-flow wp-block-column-is-layout-flow\" style=\"flex-basis:65%\"><\/div>\n\n\n\n<div class=\"wp-block-column is-layout-flow wp-block-column-is-layout-flow\" style=\"flex-basis:15%\"><\/div>\n<\/div>\n<\/div>\n<\/div><\/section>\n\n\n\n<section class=\"wp-block-uagb-columns uagb-columns__wrap uagb-columns__background-none uagb-columns__stack-mobile uagb-columns__valign- uagb-columns__gap-10 align uagb-block-c4fe6dd5 uagb-columns__columns-1 uagb-columns__max_width-theme\"><div class=\"uagb-columns__overlay\"><\/div><div class=\"uagb-columns__inner-wrap uagb-columns__columns-1\">\n<div class=\"wp-block-uagb-column uagb-column__wrap uagb-column__background-undefined uagb-block-3138807b\"><div class=\"uagb-column__overlay\"><\/div><div class=\"wp-block-image \">\n<figure class=\"alignright size-full is-resized\"><img loading=\"lazy\" decoding=\"async\" width=\"253\" height=\"124\" src=\"https:\/\/sabinereiser.de\/wp-content\/uploads\/2025\/09\/Bild_2025-09-23_160117659.png\" alt=\"\" class=\"wp-image-1766\" style=\"width:150px\"\/><\/figure>\n<\/div>\n\n\n<div style=\"height:10px\" aria-hidden=\"true\" class=\"wp-block-spacer\"><\/div>\n\n\n\n<figure class=\"wp-block-image size-full ticss-01cfc5e4\"><img loading=\"lazy\" decoding=\"async\" width=\"1280\" height=\"720\" src=\"https:\/\/sabinereiser.de\/wp-content\/uploads\/2025\/09\/Bild_2025-09-23_161005868.png\" alt=\"\" class=\"wp-image-1767\" style=\"object-fit:cover\" srcset=\"https:\/\/sabinereiser.de\/wp-content\/uploads\/2025\/09\/Bild_2025-09-23_161005868.png 1280w, https:\/\/sabinereiser.de\/wp-content\/uploads\/2025\/09\/Bild_2025-09-23_161005868-300x169.png 300w, https:\/\/sabinereiser.de\/wp-content\/uploads\/2025\/09\/Bild_2025-09-23_161005868-1024x576.png 1024w, https:\/\/sabinereiser.de\/wp-content\/uploads\/2025\/09\/Bild_2025-09-23_161005868-768x432.png 768w\" sizes=\"auto, (max-width: 1280px) 100vw, 1280px\" \/><\/figure>\n<\/div>\n<\/div><\/section>\n\n\n\n<section class=\"wp-block-uagb-columns uagb-columns__wrap uagb-columns__background-none uagb-columns__stack-mobile uagb-columns__valign- uagb-columns__gap-10 align uagb-block-ea30a3de uagb-columns__columns-1 uagb-columns__max_width-theme ticss-cd41e950\"><div class=\"uagb-columns__overlay\"><\/div><div class=\"uagb-columns__inner-wrap uagb-columns__columns-1\">\n<div class=\"wp-block-uagb-column uagb-column__wrap uagb-column__background-undefined uagb-block-dcd46bb2 ticss-459341b1\"><div class=\"uagb-column__overlay\"><\/div>\n<p class=\"has-text-align-left\">Datum: <strong>Montag, 29. September 2025<\/strong><br>Ort: <strong>Boutique Hotel<\/strong> <strong>Genusswerk Eifel<\/strong> | <strong>Bitburger Str. 1 <\/strong>| <strong>54675 K\u00f6rperich<\/strong><\/p>\n<\/div>\n<\/div><\/section>\n\n\n\n<section class=\"wp-block-uagb-columns uagb-columns__wrap uagb-columns__background-none uagb-columns__stack-mobile uagb-columns__valign- uagb-columns__gap-10 align uagb-block-f816969f uagb-columns__columns-1 uagb-columns__max_width-theme\"><div class=\"uagb-columns__overlay\"><\/div><div class=\"uagb-columns__inner-wrap uagb-columns__columns-1\">\n<div class=\"wp-block-uagb-column uagb-column__wrap uagb-column__background-color uagb-block-91754486 ticss-0bff5562\"><div class=\"uagb-column__overlay\"><\/div>\n<p class=\"has-text-align-left ticss-47da0c76 has-text-color has-link-color wp-elements-f4239425dd5f2a7f0192f587c8f8e0ed\" style=\"color:#ffffff\">Im Auftrag des Bundesministeriums f\u00fcr Wirtschaft und Energie (BMWE) entwickelt das<br>Kompetenzzentrum Serielles Sanieren der Deutschen Energie-Agentur GmbH (dena) den Markt f\u00fcr<br>serielle Sanierungsl\u00f6sungen in Deutschland.<br><br>Ein zentraler Teil der Marktentwicklung ist das Exkursionsformat \u201eEnergiesprong on tour\u201c.<br>Interessierte aus der Wohnungs- und Bauwirtschaft, aus Architektur- und Planungsb\u00fcros sowie aus<br>Politik, Kommunen und Verb\u00e4nden haben hier die Gelegenheit, serielles Sanieren live mit fliegenden<br>Fassaden und der Montage vor Ort zu erleben, einen Blick hinter die vorgefertigten Fassaden zu<br>werfen, die Best Practices &amp; Lessons Learned mit den beteiligten Akteuren zu diskutieren und das<br>jeweilige Projekt aus unterschiedlichen Perspektiven kennenzulernen.<br><br>Im Rahmen der Energiesprong on tour <strong>HERBST EDITION<\/strong> l\u00e4dt die dena <strong>Ende September 2025<\/strong> zu<br>einer besonderen Exkursion in die <strong>S\u00fcdeifel<\/strong> ein: Erleben Sie in K\u00f6rperich die <strong>erste serielle<br>Turnhallensanierung in Rheinland-Pfalz<\/strong> live vor Ort.<br><br>Auf demProgrammstehen weitere wichtige Themen, die Kommunen denWeg in den klimaneutralen<br>Bestand erleichtern:<\/p>\n\n\n\n<ul style=\"color:#ffffff\" class=\"wp-block-list ticss-53e30955 has-text-color has-link-color wp-elements-a144e2fd6d9a3f81834018996e2b8499\">\n<li>Mit Machbarkeitsstudien Vergabeh\u00fcrden umgehen<\/li>\n\n\n\n<li class=\"ticss-65ec2aa2\">Mit ma\u00dfgeschneidertemFinanzierungs- und F\u00f6rdermix mehr erreichen<\/li>\n\n\n\n<li>Mit Digitalisierung und Energiesparcontracting kommunale Haushalte entlasten<\/li>\n\n\n\n<li>Mit mutigen Ideen zum multifunktionalen Schul-Wohn-Gemeinschaftsgeb\u00e4ude<\/li>\n<\/ul>\n<\/div>\n<\/div><\/section>\n\n\n\n<section class=\"wp-block-uagb-columns uagb-columns__wrap uagb-columns__background-none uagb-columns__stack-mobile uagb-columns__valign- uagb-columns__gap-10 align uagb-block-812d3c5e uagb-columns__columns-4 uagb-columns__max_width-theme\"><div class=\"uagb-columns__overlay\"><\/div><div class=\"uagb-columns__inner-wrap uagb-columns__columns-4\">\n<div class=\"wp-block-uagb-column uagb-column__wrap uagb-column__background-undefined uagb-block-ae10838d\"><div class=\"uagb-column__overlay\"><\/div><\/div>\n\n\n\n<div class=\"wp-block-uagb-column uagb-column__wrap uagb-column__background-undefined uagb-block-af0bc4f0\"><div class=\"uagb-column__overlay\"><\/div>\n<figure class=\"wp-block-image size-full\"><img loading=\"lazy\" decoding=\"async\" width=\"210\" height=\"137\" src=\"https:\/\/sabinereiser.de\/wp-content\/uploads\/2025\/09\/image.png\" alt=\"\" class=\"wp-image-1772\"\/><\/figure>\n<\/div>\n\n\n\n<div class=\"wp-block-uagb-column uagb-column__wrap uagb-column__background-undefined uagb-block-ae1e0cdc\"><div class=\"uagb-column__overlay\"><\/div>\n<figure class=\"wp-block-image size-full\"><img loading=\"lazy\" decoding=\"async\" width=\"611\" height=\"155\" src=\"https:\/\/sabinereiser.de\/wp-content\/uploads\/2025\/09\/image-1.png\" alt=\"\" class=\"wp-image-1773\" srcset=\"https:\/\/sabinereiser.de\/wp-content\/uploads\/2025\/09\/image-1.png 611w, https:\/\/sabinereiser.de\/wp-content\/uploads\/2025\/09\/image-1-300x76.png 300w\" sizes=\"auto, (max-width: 611px) 100vw, 611px\" \/><\/figure>\n<\/div>\n\n\n\n<div class=\"wp-block-uagb-column uagb-column__wrap uagb-column__background-undefined uagb-block-6bcbc483\"><div class=\"uagb-column__overlay\"><\/div><\/div>\n<\/div><\/section>\n\n\n\n<section class=\"wp-block-uagb-columns uagb-columns__wrap uagb-columns__background-none uagb-columns__stack-mobile uagb-columns__valign- uagb-columns__gap-10 align uagb-block-657a081f uagb-columns__columns-1 uagb-columns__max_width-theme\"><div class=\"uagb-columns__overlay\"><\/div><div class=\"uagb-columns__inner-wrap uagb-columns__columns-1\">\n<div class=\"wp-block-uagb-column uagb-column__wrap uagb-column__background-undefined uagb-block-527816ff\"><div class=\"uagb-column__overlay\"><\/div>\n<figure class=\"wp-block-video\"><video height=\"1080\" style=\"aspect-ratio: 1920 \/ 1080;\" width=\"1920\" controls src=\"https:\/\/sabinereiser.de\/wp-content\/uploads\/2025\/10\/2025-09-29_Energiesprong.mp4\"><\/video><\/figure>\n<\/div>\n<\/div><\/section>\n\n\n\n<section class=\"wp-block-uagb-columns uagb-columns__wrap uagb-columns__background-none uagb-columns__stack-mobile uagb-columns__valign- uagb-columns__gap-10 align uagb-block-5dae4e17 uagb-columns__columns-2 uagb-columns__max_width-theme\"><div class=\"uagb-columns__overlay\"><\/div><div class=\"uagb-columns__inner-wrap uagb-columns__columns-2\">\n<div class=\"wp-block-uagb-column uagb-column__wrap uagb-column__background-undefined uagb-block-21c5f071\"><div class=\"uagb-column__overlay\"><\/div>\n<figure class=\"wp-block-image size-full\"><img loading=\"lazy\" decoding=\"async\" width=\"907\" height=\"913\" src=\"https:\/\/sabinereiser.de\/wp-content\/uploads\/2024\/07\/axometrie.png\" alt=\"\" class=\"wp-image-1743\" srcset=\"https:\/\/sabinereiser.de\/wp-content\/uploads\/2024\/07\/axometrie.png 907w, https:\/\/sabinereiser.de\/wp-content\/uploads\/2024\/07\/axometrie-298x300.png 298w, https:\/\/sabinereiser.de\/wp-content\/uploads\/2024\/07\/axometrie-150x150.png 150w, https:\/\/sabinereiser.de\/wp-content\/uploads\/2024\/07\/axometrie-768x773.png 768w\" sizes=\"auto, (max-width: 907px) 100vw, 907px\" \/><\/figure>\n\n\n\n<figure class=\"wp-block-image size-full\"><img loading=\"lazy\" decoding=\"async\" width=\"752\" height=\"505\" src=\"https:\/\/sabinereiser.de\/wp-content\/uploads\/2024\/07\/Unbenannt-1.png\" alt=\"\" class=\"wp-image-1751\" srcset=\"https:\/\/sabinereiser.de\/wp-content\/uploads\/2024\/07\/Unbenannt-1.png 752w, https:\/\/sabinereiser.de\/wp-content\/uploads\/2024\/07\/Unbenannt-1-300x201.png 300w\" sizes=\"auto, (max-width: 752px) 100vw, 752px\" \/><\/figure>\n<\/div>\n\n\n\n<div class=\"wp-block-uagb-column uagb-column__wrap uagb-column__background-undefined uagb-block-80ffa036\"><div class=\"uagb-column__overlay\"><\/div>\n<figure class=\"wp-block-image size-full\"><img loading=\"lazy\" decoding=\"async\" width=\"1713\" height=\"1064\" src=\"https:\/\/sabinereiser.de\/wp-content\/uploads\/2026\/04\/RLP_Logo-Klimabuendnis-Bauen_RGB.jpg\" alt=\"\" class=\"wp-image-1888\" srcset=\"https:\/\/sabinereiser.de\/wp-content\/uploads\/2026\/04\/RLP_Logo-Klimabuendnis-Bauen_RGB.jpg 1713w, https:\/\/sabinereiser.de\/wp-content\/uploads\/2026\/04\/RLP_Logo-Klimabuendnis-Bauen_RGB-300x186.jpg 300w, https:\/\/sabinereiser.de\/wp-content\/uploads\/2026\/04\/RLP_Logo-Klimabuendnis-Bauen_RGB-1024x636.jpg 1024w, https:\/\/sabinereiser.de\/wp-content\/uploads\/2026\/04\/RLP_Logo-Klimabuendnis-Bauen_RGB-768x477.jpg 768w, https:\/\/sabinereiser.de\/wp-content\/uploads\/2026\/04\/RLP_Logo-Klimabuendnis-Bauen_RGB-1536x954.jpg 1536w\" sizes=\"auto, (max-width: 1713px) 100vw, 1713px\" \/><\/figure>\n\n\n\n<p class=\"has-text-align-center has-medium-font-size\"><strong><a href=\"https:\/\/klimabuendnis-bauen.rlp.de\/klimafreundlich-bauen\/projekte\/serielle-sanierung-der-turnhalle-koerperich\">Projekt\u00fcbersicht der seriellen Fassadensanierung<\/a><\/strong><\/p>\n\n\n\n<p class=\"has-text-align-center has-medium-font-size\"><strong><a href=\"https:\/\/klimabuendnis-bauen.rlp.de\/klimafreundlich-bauen\/projekte\/serielle-sanierung-der-turnhalle-koerperich\"> der Turnhalle in K\u00f6rperich<\/a><\/strong><\/p>\n\n\n\n<div style=\"height:400px\" aria-hidden=\"true\" class=\"wp-block-spacer\"><\/div>\n\n\n\n<p class=\"has-small-font-size\"><strong>work in progress<\/strong><br>Planung der energetischen Sanierung und Umbau<br>der Grundschulturnhalle<br>LP 3-9<br>Bauherr VG S\u00fcdeifel<br>Nutzung: Schulsport<br>Ort: K\u00f6rperich<br><br>Jahr: 2024-2026<\/p>\n<\/div>\n<\/div><\/section>\n\n\n\n<section class=\"wp-block-uagb-columns uagb-columns__wrap uagb-columns__background-none uagb-columns__stack-mobile uagb-columns__valign- uagb-columns__gap-10 align uagb-block-4e2fb34c uagb-columns__columns-1 uagb-columns__max_width-theme\"><div class=\"uagb-columns__overlay\"><\/div><div class=\"uagb-columns__inner-wrap uagb-columns__columns-1\">\n<div class=\"wp-block-uagb-column uagb-column__wrap uagb-column__background-undefined uagb-block-75910281\"><div class=\"uagb-column__overlay\"><\/div>\n<div style=\"height:30px\" aria-hidden=\"true\" class=\"wp-block-spacer\"><\/div>\n\n\n\n<h2 class=\"wp-block-heading has-text-align-center\" style=\"font-size:52px\"><br>*<br>Kompletter Umbau und Modernisierung<br>des Foyers der<br>Europ\u00e4ischen Rechtsakademie in Trier<br>unter dem Aspekt der Nachhaltigkeit<br>*<\/h2>\n<\/div>\n<\/div><\/section>\n\n\n\n<section class=\"wp-block-uagb-columns uagb-columns__wrap uagb-columns__background-none uagb-columns__stack-mobile uagb-columns__valign- uagb-columns__gap-10 align uagb-block-d4d90ab1 uagb-columns__columns-2 uagb-columns__max_width-theme\"><div class=\"uagb-columns__overlay\"><\/div><div class=\"uagb-columns__inner-wrap uagb-columns__columns-2\">\n<div class=\"wp-block-uagb-column uagb-column__wrap uagb-column__background-undefined uagb-block-242c301d\"><div class=\"uagb-column__overlay\"><\/div>\n<figure class=\"wp-block-image size-large\"><img loading=\"lazy\" decoding=\"async\" width=\"1024\" height=\"624\" src=\"https:\/\/sabinereiser.de\/wp-content\/uploads\/2025\/09\/grafik-1024x624.png\" alt=\"\" class=\"wp-image-1822\" srcset=\"https:\/\/sabinereiser.de\/wp-content\/uploads\/2025\/09\/grafik-1024x624.png 1024w, https:\/\/sabinereiser.de\/wp-content\/uploads\/2025\/09\/grafik-300x183.png 300w, https:\/\/sabinereiser.de\/wp-content\/uploads\/2025\/09\/grafik-768x468.png 768w, https:\/\/sabinereiser.de\/wp-content\/uploads\/2025\/09\/grafik-1536x936.png 1536w, https:\/\/sabinereiser.de\/wp-content\/uploads\/2025\/09\/grafik.png 1971w\" sizes=\"auto, (max-width: 1024px) 100vw, 1024px\" \/><\/figure>\n\n\n\n<div style=\"height:10px\" aria-hidden=\"true\" class=\"wp-block-spacer\"><\/div>\n\n\n\n<p class=\"has-medium-font-size\">Anmeldung mit Backoffice<\/p>\n<\/div>\n\n\n\n<div class=\"wp-block-uagb-column uagb-column__wrap uagb-column__background-undefined uagb-block-6816866c\"><div class=\"uagb-column__overlay\"><\/div><\/div>\n<\/div><\/section>\n\n\n\n<section class=\"wp-block-uagb-columns uagb-columns__wrap uagb-columns__background-none uagb-columns__stack-mobile uagb-columns__valign- uagb-columns__gap-10 align uagb-block-ada032b4 uagb-columns__columns-2 uagb-columns__max_width-theme\"><div class=\"uagb-columns__overlay\"><\/div><div class=\"uagb-columns__inner-wrap uagb-columns__columns-2\">\n<div class=\"wp-block-uagb-column uagb-column__wrap uagb-column__background-undefined uagb-block-59a1a4b4\"><div class=\"uagb-column__overlay\"><\/div>\n<div style=\"height:15vh\" aria-hidden=\"true\" class=\"wp-block-spacer\"><\/div>\n\n\n\n<p class=\"has-small-font-size\">NEW WORK:<br>Moderne Kurzzeitarbeitspl\u00e4tze<br>mobile Einlogg &#8211; M\u00f6glichkeiten ins Anmeldesystem<br>Barrierefreie Arbeitspl\u00e4tze<br>Loungebereich<\/p>\n<\/div>\n\n\n\n<div class=\"wp-block-uagb-column uagb-column__wrap uagb-column__background-undefined uagb-block-4e9946f2\"><div class=\"uagb-column__overlay\"><\/div>\n<figure class=\"wp-block-image size-large\"><img loading=\"lazy\" decoding=\"async\" width=\"1024\" height=\"624\" src=\"https:\/\/sabinereiser.de\/wp-content\/uploads\/2025\/09\/grafik-1-1024x624.png\" alt=\"\" class=\"wp-image-1823\" srcset=\"https:\/\/sabinereiser.de\/wp-content\/uploads\/2025\/09\/grafik-1-1024x624.png 1024w, https:\/\/sabinereiser.de\/wp-content\/uploads\/2025\/09\/grafik-1-300x183.png 300w, https:\/\/sabinereiser.de\/wp-content\/uploads\/2025\/09\/grafik-1-768x468.png 768w, https:\/\/sabinereiser.de\/wp-content\/uploads\/2025\/09\/grafik-1-1536x936.png 1536w, https:\/\/sabinereiser.de\/wp-content\/uploads\/2025\/09\/grafik-1.png 1971w\" sizes=\"auto, (max-width: 1024px) 100vw, 1024px\" \/><\/figure>\n\n\n\n<div style=\"height:10px\" aria-hidden=\"true\" class=\"wp-block-spacer\"><\/div>\n\n\n\n<p class=\"has-text-align-right has-medium-font-size\">Einloggen und Kurzarbeitspl\u00e4tze<\/p>\n<\/div>\n<\/div><\/section>\n\n\n\n<section class=\"wp-block-uagb-columns uagb-columns__wrap uagb-columns__background-none uagb-columns__stack-mobile uagb-columns__valign- uagb-columns__gap-10 align uagb-block-af8006bf uagb-columns__columns-2 uagb-columns__max_width-theme\"><div class=\"uagb-columns__overlay\"><\/div><div class=\"uagb-columns__inner-wrap uagb-columns__columns-2\">\n<div class=\"wp-block-uagb-column uagb-column__wrap uagb-column__background-undefined uagb-block-530c4c3a\"><div class=\"uagb-column__overlay\"><\/div>\n<figure class=\"wp-block-image size-large\"><img loading=\"lazy\" decoding=\"async\" width=\"1024\" height=\"624\" src=\"https:\/\/sabinereiser.de\/wp-content\/uploads\/2025\/09\/grafik-2-1024x624.png\" alt=\"\" class=\"wp-image-1824\" srcset=\"https:\/\/sabinereiser.de\/wp-content\/uploads\/2025\/09\/grafik-2-1024x624.png 1024w, https:\/\/sabinereiser.de\/wp-content\/uploads\/2025\/09\/grafik-2-300x183.png 300w, https:\/\/sabinereiser.de\/wp-content\/uploads\/2025\/09\/grafik-2-768x468.png 768w, https:\/\/sabinereiser.de\/wp-content\/uploads\/2025\/09\/grafik-2-1536x936.png 1536w, https:\/\/sabinereiser.de\/wp-content\/uploads\/2025\/09\/grafik-2.png 1971w\" sizes=\"auto, (max-width: 1024px) 100vw, 1024px\" \/><\/figure>\n\n\n\n<div style=\"height:10px\" aria-hidden=\"true\" class=\"wp-block-spacer\"><\/div>\n\n\n\n<p class=\"has-text-align-right has-medium-font-size\">Loungebereich<\/p>\n<\/div>\n\n\n\n<div class=\"wp-block-uagb-column uagb-column__wrap uagb-column__background-undefined uagb-block-c0de1ea5\"><div class=\"uagb-column__overlay\"><\/div>\n<div style=\"height:28vw\" aria-hidden=\"true\" class=\"wp-block-spacer ticss-6f384d70\"><\/div>\n\n\n\n<p class=\"has-small-font-size\">Planungsleistungen: LP 1-8<br>BGF: 350 m\u00b2<br>Bauherr: ERA, Metzerstr. 4,<br>Nutzung: Arbeiten, Loungebereich<br>Ort: Trier<br>Jahr: 2024-2026<\/p>\n<\/div>\n<\/div><\/section>\n\n\n\n<section class=\"wp-block-uagb-columns uagb-columns__wrap uagb-columns__background-none uagb-columns__stack-mobile uagb-columns__valign- uagb-columns__gap-10 align uagb-block-3303059d uagb-columns__columns-1 uagb-columns__max_width-theme\"><div class=\"uagb-columns__overlay\"><\/div><div class=\"uagb-columns__inner-wrap uagb-columns__columns-1\">\n<div class=\"wp-block-uagb-column uagb-column__wrap uagb-column__background-undefined uagb-block-e3286461\"><div class=\"uagb-column__overlay\"><\/div>\n<div style=\"height:30px\" aria-hidden=\"true\" class=\"wp-block-spacer\"><\/div>\n\n\n\n<h2 class=\"wp-block-heading has-text-align-center\" style=\"font-size:52px\"><br>*<br>Innerst\u00e4dtische Nachverdichtung<br>in Abstimmung mit der Denkmalpflege*<br>Umbau und Sanierung eines Dachgeschosses<br>mit Erneuerung des kompletten Dachstuhls<br>*<\/h2>\n\n\n\n<p class=\"has-text-align-center\"><\/p>\n<\/div>\n<\/div><\/section>\n\n\n\n<section class=\"wp-block-uagb-columns uagb-columns__wrap uagb-columns__background-none uagb-columns__stack-mobile uagb-columns__valign- uagb-columns__gap-10 align uagb-block-4f4a9a9d uagb-columns__columns-1 uagb-columns__max_width-theme\"><div class=\"uagb-columns__overlay\"><\/div><div class=\"uagb-columns__inner-wrap uagb-columns__columns-1\">\n<div class=\"wp-block-uagb-column uagb-column__wrap uagb-column__background-undefined uagb-block-421597b7\"><div class=\"uagb-column__overlay\"><\/div><div class=\"wp-block-image\">\n<figure class=\"aligncenter size-full\"><img loading=\"lazy\" decoding=\"async\" width=\"944\" height=\"507\" src=\"https:\/\/sabinereiser.de\/wp-content\/uploads\/2025\/09\/Bauschild.png\" alt=\"\" class=\"wp-image-1845\" srcset=\"https:\/\/sabinereiser.de\/wp-content\/uploads\/2025\/09\/Bauschild.png 944w, https:\/\/sabinereiser.de\/wp-content\/uploads\/2025\/09\/Bauschild-300x161.png 300w, https:\/\/sabinereiser.de\/wp-content\/uploads\/2025\/09\/Bauschild-768x412.png 768w\" sizes=\"auto, (max-width: 944px) 100vw, 944px\" \/><\/figure>\n<\/div><\/div>\n<\/div><\/section>\n\n\n\n<section class=\"wp-block-uagb-columns uagb-columns__wrap uagb-columns__background-none uagb-columns__stack-mobile uagb-columns__valign- uagb-columns__gap-10 align uagb-block-4c24b272 uagb-columns__columns-2 uagb-columns__max_width-theme\"><div class=\"uagb-columns__overlay\"><\/div><div class=\"uagb-columns__inner-wrap uagb-columns__columns-2\">\n<div class=\"wp-block-uagb-column uagb-column__wrap uagb-column__background-undefined uagb-block-8169700d\"><div class=\"uagb-column__overlay\"><\/div><div class=\"wp-block-image ticss-60506907\">\n<figure class=\"alignright size-large\"><img loading=\"lazy\" decoding=\"async\" width=\"1008\" height=\"1344\" src=\"https:\/\/sabinereiser.de\/wp-content\/uploads\/2025\/09\/IMG_0090-1-edited.jpg\" alt=\"\" class=\"wp-image-1854\" style=\"object-fit:cover\" srcset=\"https:\/\/sabinereiser.de\/wp-content\/uploads\/2025\/09\/IMG_0090-1-edited.jpg 1008w, https:\/\/sabinereiser.de\/wp-content\/uploads\/2025\/09\/IMG_0090-1-edited-225x300.jpg 225w, https:\/\/sabinereiser.de\/wp-content\/uploads\/2025\/09\/IMG_0090-1-edited-768x1024.jpg 768w\" sizes=\"auto, (max-width: 1008px) 100vw, 1008px\" \/><\/figure>\n<\/div><\/div>\n\n\n\n<div class=\"wp-block-uagb-column uagb-column__wrap uagb-column__background-undefined uagb-block-a0e464e8\"><div class=\"uagb-column__overlay\"><\/div>\n<p class=\"has-small-font-size\">Jahr: 2024-2026<br>BGF: 180 m\u00b2<br>Bauherr: Privat<br>Nutzung: Wohnen<br>Ort: Trier, in der Olk 25<\/p>\n\n\n\n<figure class=\"wp-block-image size-large\"><img loading=\"lazy\" decoding=\"async\" width=\"1024\" height=\"768\" src=\"https:\/\/sabinereiser.de\/wp-content\/uploads\/2025\/09\/20250813_100717-1024x768.jpg\" alt=\"\" class=\"wp-image-1847\" srcset=\"https:\/\/sabinereiser.de\/wp-content\/uploads\/2025\/09\/20250813_100717-1024x768.jpg 1024w, https:\/\/sabinereiser.de\/wp-content\/uploads\/2025\/09\/20250813_100717-300x225.jpg 300w, https:\/\/sabinereiser.de\/wp-content\/uploads\/2025\/09\/20250813_100717-768x576.jpg 768w, https:\/\/sabinereiser.de\/wp-content\/uploads\/2025\/09\/20250813_100717-1536x1152.jpg 1536w, https:\/\/sabinereiser.de\/wp-content\/uploads\/2025\/09\/20250813_100717-2048x1536.jpg 2048w\" sizes=\"auto, (max-width: 1024px) 100vw, 1024px\" \/><\/figure>\n<\/div>\n<\/div><\/section>\n\n\n\n<section class=\"wp-block-uagb-columns uagb-columns__wrap uagb-columns__background-none uagb-columns__stack-mobile uagb-columns__valign- uagb-columns__gap-10 align uagb-block-7cd0730a uagb-columns__columns-2 uagb-columns__max_width-theme\"><div class=\"uagb-columns__overlay\"><\/div><div class=\"uagb-columns__inner-wrap uagb-columns__columns-2\">\n<div class=\"wp-block-uagb-column uagb-column__wrap uagb-column__background-undefined uagb-block-5c7032ac\"><div class=\"uagb-column__overlay\"><\/div>\n<figure class=\"wp-block-image size-large\"><img loading=\"lazy\" decoding=\"async\" width=\"1024\" height=\"768\" src=\"https:\/\/sabinereiser.de\/wp-content\/uploads\/2025\/09\/20250908_101503-2-1024x768.jpg\" alt=\"\" class=\"wp-image-1855\" srcset=\"https:\/\/sabinereiser.de\/wp-content\/uploads\/2025\/09\/20250908_101503-2-1024x768.jpg 1024w, https:\/\/sabinereiser.de\/wp-content\/uploads\/2025\/09\/20250908_101503-2-300x225.jpg 300w, https:\/\/sabinereiser.de\/wp-content\/uploads\/2025\/09\/20250908_101503-2-768x576.jpg 768w, https:\/\/sabinereiser.de\/wp-content\/uploads\/2025\/09\/20250908_101503-2-1536x1152.jpg 1536w, https:\/\/sabinereiser.de\/wp-content\/uploads\/2025\/09\/20250908_101503-2-2048x1536.jpg 2048w\" sizes=\"auto, (max-width: 1024px) 100vw, 1024px\" \/><\/figure>\n<\/div>\n\n\n\n<div class=\"wp-block-uagb-column uagb-column__wrap uagb-column__background-undefined uagb-block-5f02bc01\"><div class=\"uagb-column__overlay\"><\/div>\n<figure class=\"wp-block-image size-large\"><img loading=\"lazy\" decoding=\"async\" width=\"1024\" height=\"768\" src=\"https:\/\/sabinereiser.de\/wp-content\/uploads\/2025\/09\/20250908_100717-1-1024x768.jpg\" alt=\"\" class=\"wp-image-1856\" srcset=\"https:\/\/sabinereiser.de\/wp-content\/uploads\/2025\/09\/20250908_100717-1-1024x768.jpg 1024w, https:\/\/sabinereiser.de\/wp-content\/uploads\/2025\/09\/20250908_100717-1-300x225.jpg 300w, https:\/\/sabinereiser.de\/wp-content\/uploads\/2025\/09\/20250908_100717-1-768x576.jpg 768w, https:\/\/sabinereiser.de\/wp-content\/uploads\/2025\/09\/20250908_100717-1-1536x1152.jpg 1536w, https:\/\/sabinereiser.de\/wp-content\/uploads\/2025\/09\/20250908_100717-1-2048x1536.jpg 2048w\" sizes=\"auto, (max-width: 1024px) 100vw, 1024px\" \/><\/figure>\n<\/div>\n<\/div><\/section>\n\n\n\n<section class=\"wp-block-uagb-columns uagb-columns__wrap uagb-columns__background-none uagb-columns__stack-mobile uagb-columns__valign- uagb-columns__gap-10 align uagb-block-1b8a0bb9 uagb-columns__columns-1 uagb-columns__max_width-theme\"><div class=\"uagb-columns__overlay\"><\/div><div class=\"uagb-columns__inner-wrap uagb-columns__columns-1\">\n<div class=\"wp-block-uagb-column uagb-column__wrap uagb-column__background-undefined uagb-block-c711207e\"><div class=\"uagb-column__overlay\"><\/div>\n<div style=\"height:30px\" aria-hidden=\"true\" class=\"wp-block-spacer\"><\/div>\n\n\n\n<h2 class=\"wp-block-heading has-text-align-center\" style=\"font-size:52px\"><br>*<br>Fertigstellung*NEUes* unser Projekt* ILLEGAL*Street Art Graffiti* 1960-1995* 18.05.2024-23.02.2025* Historisches Museum Saar*Saarbr\u00fccken*<br>*<\/h2>\n<\/div>\n<\/div><\/section>\n\n\n\n<section class=\"wp-block-uagb-columns uagb-columns__wrap uagb-columns__background-none uagb-columns__stack-mobile uagb-columns__valign-center uagb-columns__gap-10 align uagb-block-0378182f uagb-columns__columns-1 uagb-columns__max_width-theme\"><div class=\"uagb-columns__overlay\"><\/div><div class=\"uagb-columns__inner-wrap uagb-columns__columns-1\">\n<div class=\"wp-block-uagb-column uagb-column__wrap uagb-column__background-undefined uagb-block-02a3a3e2\"><div class=\"uagb-column__overlay\"><\/div><div class=\"wp-block-image\">\n<figure class=\"aligncenter size-full\"><img loading=\"lazy\" decoding=\"async\" width=\"1122\" height=\"1242\" src=\"https:\/\/sabinereiser.de\/wp-content\/uploads\/2024\/07\/collage_2024_07_31.jpg\" alt=\"\" class=\"wp-image-1758\" srcset=\"https:\/\/sabinereiser.de\/wp-content\/uploads\/2024\/07\/collage_2024_07_31.jpg 1122w, https:\/\/sabinereiser.de\/wp-content\/uploads\/2024\/07\/collage_2024_07_31-271x300.jpg 271w, https:\/\/sabinereiser.de\/wp-content\/uploads\/2024\/07\/collage_2024_07_31-925x1024.jpg 925w, https:\/\/sabinereiser.de\/wp-content\/uploads\/2024\/07\/collage_2024_07_31-768x850.jpg 768w\" sizes=\"auto, (max-width: 1122px) 100vw, 1122px\" \/><\/figure>\n<\/div><\/div>\n<\/div><\/section>\n\n\n\n<div class=\"wp-block-columns is-layout-flex wp-container-core-columns-is-layout-9d6595d7 wp-block-columns-is-layout-flex\">\n<div class=\"wp-block-column is-layout-flow wp-block-column-is-layout-flow\" style=\"flex-basis:100%\">\n<section class=\"wp-block-uagb-columns uagb-columns__wrap uagb-columns__background-none uagb-columns__stack-mobile uagb-columns__valign- uagb-columns__gap-10 align uagb-block-5d24ce26 uagb-columns__columns-1 uagb-columns__max_width-theme\"><div class=\"uagb-columns__overlay\"><\/div><div class=\"uagb-columns__inner-wrap uagb-columns__columns-1\">\n<div class=\"wp-block-uagb-column uagb-column__wrap uagb-column__background-undefined uagb-block-fec3d9db\"><div class=\"uagb-column__overlay\"><\/div>\n<h2 class=\"wp-block-heading has-text-align-center has-large-font-size\">Ausschnitt aus dem Heute Journal vom 23.05.2024 im ZDF<\/h2>\n\n\n\n<p class=\"has-text-align-center\"><a href=\"https:\/\/www.zdf.de\/nachrichten-sendungen\/heute-journal\/streetart-graffiti-kunst-100.html\">Illegal. Street Art Graffiti 1960 &#8211; 1995 &#8211; ZDFmediathek<\/a><\/p>\n<\/div>\n<\/div><\/section>\n<\/div>\n<\/div>\n\n\n\n<section class=\"wp-block-uagb-columns uagb-columns__wrap uagb-columns__background-none uagb-columns__stack-mobile uagb-columns__valign-center uagb-columns__gap-10 align uagb-block-620f9bad uagb-columns__columns-2 uagb-columns__max_width-theme\"><div class=\"uagb-columns__overlay\"><\/div><div class=\"uagb-columns__inner-wrap uagb-columns__columns-2\">\n<div class=\"wp-block-uagb-column uagb-column__wrap uagb-column__background-undefined uagb-block-c649e13f\"><div class=\"uagb-column__overlay\"><\/div>\n<div class=\"wp-block-columns is-layout-flex wp-container-core-columns-is-layout-9d6595d7 wp-block-columns-is-layout-flex\">\n<div class=\"wp-block-column is-vertically-aligned-top is-layout-flow wp-block-column-is-layout-flow\">\n<h2 class=\"wp-block-heading has-x-large-font-size\">NEU*<\/h2>\n\n\n\n<h2 class=\"wp-block-heading has-text-align-left has-medium-font-size\">UMBAU EINES EHEMALIGEN VERKAUFSRAUMES<br>IN EINE B\u00dcROEINHEIT F\u00dcR EINE<br>\u201eJUNG GEGR\u00dcNDETE FINANZBERATUNG\u201c<\/h2>\n\n\n\n<p class=\"has-small-font-size\">Hier lag die Herausforderung in dem Umbau eines komplett<br>offenen Raumes in eine B\u00fcroeinheit aus drei B\u00fcros. Drei Telefon-<br>bzw. Beratungspl\u00e4tze mussten in den Verkaufsraum integriert<br>werden. Eine zukunftsorientierte, unkonventionelle und<br>funktionale Planung war hier gefragt.<\/p>\n<\/div>\n<\/div>\n\n\n\n<div class=\"wp-block-columns is-layout-flex wp-container-core-columns-is-layout-9d6595d7 wp-block-columns-is-layout-flex\">\n<div class=\"wp-block-column is-vertically-aligned-bottom is-layout-flow wp-block-column-is-layout-flow\" style=\"padding-top:0;padding-bottom:0\">\n<div class=\"wp-block-group is-content-justification-left is-nowrap is-layout-flex wp-container-core-group-is-layout-a1141ae5 wp-block-group-is-layout-flex\">\n<figure class=\"wp-block-image size-full\"><img loading=\"lazy\" decoding=\"async\" width=\"498\" height=\"140\" src=\"https:\/\/sabinereiser.de\/wp-content\/uploads\/2024\/05\/Tag-der-Architektur-1.jpg\" alt=\"\" class=\"wp-image-1495\" srcset=\"https:\/\/sabinereiser.de\/wp-content\/uploads\/2024\/05\/Tag-der-Architektur-1.jpg 498w, https:\/\/sabinereiser.de\/wp-content\/uploads\/2024\/05\/Tag-der-Architektur-1-300x84.jpg 300w\" sizes=\"auto, (max-width: 498px) 100vw, 498px\" \/><\/figure>\n<\/div>\n\n\n\n<div class=\"wp-block-group is-content-justification-center is-nowrap is-layout-flex wp-container-core-group-is-layout-499140ed wp-block-group-is-layout-flex\">\n<figure class=\"wp-block-image size-full\"><img loading=\"lazy\" decoding=\"async\" width=\"730\" height=\"237\" src=\"https:\/\/sabinereiser.de\/wp-content\/uploads\/2024\/05\/erleben.jpg\" alt=\"\" class=\"wp-image-1494\" srcset=\"https:\/\/sabinereiser.de\/wp-content\/uploads\/2024\/05\/erleben.jpg 730w, https:\/\/sabinereiser.de\/wp-content\/uploads\/2024\/05\/erleben-300x97.jpg 300w\" sizes=\"auto, (max-width: 730px) 100vw, 730px\" \/><\/figure>\n<\/div>\n<\/div>\n\n\n\n<div class=\"wp-block-column is-vertically-aligned-center is-layout-flow wp-block-column-is-layout-flow\">\n<p class=\"has-text-align-right has-small-font-size\">Umbau eines Ladenlokals<br>in B\u00fcror\u00e4ume<br>LP 1-3, 5-8<br>Bauherr Delux Finanzberatung<br>Nutzung: B\u00fcros<br>Ort: Trier<br>Jahr: 2022\/2023<\/p>\n<\/div>\n<\/div>\n<\/div>\n\n\n\n<div class=\"wp-block-uagb-column uagb-column__wrap uagb-column__background-undefined uagb-block-6bc95e31\"><div class=\"uagb-column__overlay\"><\/div>\n<figure class=\"wp-block-image size-large\"><a href=\"https:\/\/sabinereiser.de\/?p=1600\"><img loading=\"lazy\" decoding=\"async\" width=\"676\" height=\"1024\" src=\"https:\/\/sabinereiser.de\/wp-content\/uploads\/2024\/05\/Weberbach-003-676x1024.jpg\" alt=\"\" class=\"wp-image-1482\" srcset=\"https:\/\/sabinereiser.de\/wp-content\/uploads\/2024\/05\/Weberbach-003-676x1024.jpg 676w, https:\/\/sabinereiser.de\/wp-content\/uploads\/2024\/05\/Weberbach-003-198x300.jpg 198w, https:\/\/sabinereiser.de\/wp-content\/uploads\/2024\/05\/Weberbach-003-768x1164.jpg 768w, https:\/\/sabinereiser.de\/wp-content\/uploads\/2024\/05\/Weberbach-003.jpg 1000w\" sizes=\"auto, (max-width: 676px) 100vw, 676px\" \/><\/a><\/figure>\n<\/div>\n<\/div><\/section>\n\n\n\n<section class=\"wp-block-uagb-columns uagb-columns__wrap uagb-columns__background-none uagb-columns__stack-mobile uagb-columns__valign- uagb-columns__gap-10 align uagb-block-49e25028 uagb-columns__columns-1 uagb-columns__max_width-theme\"><div class=\"uagb-columns__overlay\"><\/div><div class=\"uagb-columns__inner-wrap uagb-columns__columns-1\">\n<div class=\"wp-block-uagb-column uagb-column__wrap uagb-column__background-undefined uagb-block-7420ce26\"><div class=\"uagb-column__overlay\"><\/div>\n<div style=\"height:30px\" aria-hidden=\"true\" class=\"wp-block-spacer\"><\/div>\n\n\n\n<h2 class=\"wp-block-heading has-text-align-center\" style=\"font-size:52px\">*<br>Fertigstellung des Umbaus des Missionshauses in ein Tagesinternat mit Cafeteria des St Josef Gymnasiums in Biesdorf<\/h2>\n<\/div>\n<\/div><\/section>\n\n\n\n<section class=\"wp-block-uagb-columns uagb-columns__wrap uagb-columns__background-none uagb-columns__stack-mobile uagb-columns__valign- uagb-columns__gap-10 align uagb-block-644ad8bd uagb-columns__columns-2 uagb-columns__max_width-theme\"><div class=\"uagb-columns__overlay\"><\/div><div class=\"uagb-columns__inner-wrap uagb-columns__columns-2\">\n<div class=\"wp-block-uagb-column uagb-column__wrap uagb-column__background-undefined uagb-block-a21435a9\"><div class=\"uagb-column__overlay\"><\/div>\n<figure class=\"wp-block-image size-full\"><a href=\"https:\/\/sabinereiser.de\/?p=998\"><img loading=\"lazy\" decoding=\"async\" width=\"700\" height=\"525\" src=\"https:\/\/sabinereiser.de\/wp-content\/uploads\/2024\/05\/bearbeitet-cafeteria_.jpg\" alt=\"\" class=\"wp-image-1499\" srcset=\"https:\/\/sabinereiser.de\/wp-content\/uploads\/2024\/05\/bearbeitet-cafeteria_.jpg 700w, https:\/\/sabinereiser.de\/wp-content\/uploads\/2024\/05\/bearbeitet-cafeteria_-300x225.jpg 300w\" sizes=\"auto, (max-width: 700px) 100vw, 700px\" \/><\/a><\/figure>\n\n\n\n<div class=\"wp-block-columns is-layout-flex wp-container-core-columns-is-layout-9d6595d7 wp-block-columns-is-layout-flex\">\n<div class=\"wp-block-column is-layout-flow wp-block-column-is-layout-flow\"><\/div>\n<\/div>\n\n\n\n<div class=\"wp-block-columns is-layout-flex wp-container-core-columns-is-layout-9d6595d7 wp-block-columns-is-layout-flex\">\n<div class=\"wp-block-column is-layout-flow wp-block-column-is-layout-flow\"><\/div>\n<\/div>\n\n\n\n<h2 class=\"wp-block-heading has-text-align-right has-medium-font-size\" style=\"padding-top:var(--wp--preset--spacing--80)\">Weniger ist mehr<\/h2>\n\n\n\n<p class=\"has-text-align-right has-small-font-size\">Die bestehende Bausubstanz aus den 60er Jahren<br>des ehemaligen Missionshauses, bleibt in Ihrer<br>Struktur sichtbar und wird mit zur\u00fcckhaltendem und<br>zeitgem\u00e4\u00dfen Material &#8211; und Farbeinsatz erg\u00e4nzt.<\/p>\n\n\n\n<p class=\"has-text-align-right has-small-font-size\">32020 Bleu Outremer 31,<br>1931 Le Corbusier<\/p>\n<\/div>\n\n\n\n<div class=\"wp-block-uagb-column uagb-column__wrap uagb-column__background-undefined uagb-block-d220a2c9\"><div class=\"uagb-column__overlay\"><\/div>\n<p><strong>\u201eLieblingsst\u00fchle f\u00fcr die Cafeteria\u201c<\/strong><\/p>\n\n\n\n<p class=\"has-small-font-size\">St\u00fchle aus dem Schulfundus wurden<br>von den Sch\u00fclerinnen und Sch\u00fclern<br>der Kunstklasse bemalt!<\/p>\n\n\n\n<div class=\"wp-block-columns is-layout-flex wp-container-core-columns-is-layout-62db62f3 wp-block-columns-is-layout-flex\" style=\"padding-top:0;padding-bottom:0\">\n<div class=\"wp-block-column is-vertically-aligned-bottom has-medium-font-size is-layout-flow wp-block-column-is-layout-flow\" style=\"padding-top:0;padding-bottom:0;flex-basis:40%\">\n<p class=\"has-small-font-size\">LP 1-8<br>Nutzung: Sonderbau-Schule<br>Ort: Biesdorf, S\u00fcdeifel<br>BGF: ca. 1.884 m\u00b2<br>Jahr: 2019-2023<\/p>\n<\/div>\n\n\n\n<div class=\"wp-block-column is-layout-flow wp-block-column-is-layout-flow\" style=\"flex-basis:60%\">\n<figure class=\"wp-block-image size-full is-resized\"><img loading=\"lazy\" decoding=\"async\" width=\"877\" height=\"904\" src=\"https:\/\/sabinereiser.de\/wp-content\/uploads\/2024\/05\/Skizze-230823_-1.jpg\" alt=\"\" class=\"wp-image-1501\" style=\"width:296px;height:auto\" srcset=\"https:\/\/sabinereiser.de\/wp-content\/uploads\/2024\/05\/Skizze-230823_-1.jpg 877w, https:\/\/sabinereiser.de\/wp-content\/uploads\/2024\/05\/Skizze-230823_-1-291x300.jpg 291w, https:\/\/sabinereiser.de\/wp-content\/uploads\/2024\/05\/Skizze-230823_-1-768x792.jpg 768w\" sizes=\"auto, (max-width: 877px) 100vw, 877px\" \/><\/figure>\n<\/div>\n<\/div>\n\n\n\n<figure class=\"wp-block-image size-large\"><a href=\"https:\/\/sabinereiser.de\/?p=998\"><img loading=\"lazy\" decoding=\"async\" width=\"1024\" height=\"762\" src=\"https:\/\/sabinereiser.de\/wp-content\/uploads\/2024\/05\/x20230713_103508_-1024x762.jpg\" alt=\"\" class=\"wp-image-1502\" srcset=\"https:\/\/sabinereiser.de\/wp-content\/uploads\/2024\/05\/x20230713_103508_-1024x762.jpg 1024w, https:\/\/sabinereiser.de\/wp-content\/uploads\/2024\/05\/x20230713_103508_-300x223.jpg 300w, https:\/\/sabinereiser.de\/wp-content\/uploads\/2024\/05\/x20230713_103508_-768x571.jpg 768w, https:\/\/sabinereiser.de\/wp-content\/uploads\/2024\/05\/x20230713_103508_.jpg 1300w\" sizes=\"auto, (max-width: 1024px) 100vw, 1024px\" \/><\/a><\/figure>\n<\/div>\n<\/div><\/section>\n\n\n\n<section class=\"wp-block-uagb-columns uagb-columns__wrap uagb-columns__background-none uagb-columns__stack-mobile uagb-columns__valign- uagb-columns__gap-10 align uagb-block-6291a6cc uagb-columns__columns-1 uagb-columns__max_width-theme\"><div class=\"uagb-columns__overlay\"><\/div><div class=\"uagb-columns__inner-wrap uagb-columns__columns-1\">\n<div class=\"wp-block-uagb-column uagb-column__wrap uagb-column__background-undefined uagb-block-77025720\"><div class=\"uagb-column__overlay\"><\/div>\n<div style=\"height:30px\" aria-hidden=\"true\" class=\"wp-block-spacer\"><\/div>\n\n\n\n<h2 class=\"wp-block-heading has-text-align-center\" style=\"font-size:52px\">*<br>Planung und Umsetzung des Gedenk<br>Parcours der alten Kaserne<br>in Bitburg<\/h2>\n<\/div>\n<\/div><\/section>\n\n\n\n<section class=\"wp-block-uagb-columns uagb-columns__wrap uagb-columns__background-none uagb-columns__stack-mobile uagb-columns__valign- uagb-columns__gap-10 align uagb-block-266449b2 uagb-columns__columns-1 uagb-columns__max_width-theme\"><div class=\"uagb-columns__overlay\"><\/div><div class=\"uagb-columns__inner-wrap uagb-columns__columns-1\">\n<div class=\"wp-block-uagb-column uagb-column__wrap uagb-column__background-undefined uagb-block-b20a3400\"><div class=\"uagb-column__overlay\"><\/div>\n<figure class=\"wp-block-image size-full\"><img loading=\"lazy\" decoding=\"async\" width=\"1300\" height=\"649\" src=\"https:\/\/sabinereiser.de\/wp-content\/uploads\/2024\/05\/IMG_3607-bearbeitet_-1.jpg\" alt=\"\" class=\"wp-image-1512\" srcset=\"https:\/\/sabinereiser.de\/wp-content\/uploads\/2024\/05\/IMG_3607-bearbeitet_-1.jpg 1300w, https:\/\/sabinereiser.de\/wp-content\/uploads\/2024\/05\/IMG_3607-bearbeitet_-1-300x150.jpg 300w, https:\/\/sabinereiser.de\/wp-content\/uploads\/2024\/05\/IMG_3607-bearbeitet_-1-1024x511.jpg 1024w, https:\/\/sabinereiser.de\/wp-content\/uploads\/2024\/05\/IMG_3607-bearbeitet_-1-768x383.jpg 768w\" sizes=\"auto, (max-width: 1300px) 100vw, 1300px\" \/><\/figure>\n\n\n\n<section class=\"wp-block-uagb-columns uagb-columns__wrap uagb-columns__background-none uagb-columns__stack-mobile uagb-columns__valign- uagb-columns__gap-10 align uagb-block-834a76d1 uagb-columns__columns-2 uagb-columns__max_width-theme\"><div class=\"uagb-columns__overlay\"><\/div><div class=\"uagb-columns__inner-wrap uagb-columns__columns-2\">\n<div class=\"wp-block-uagb-column uagb-column__wrap uagb-column__background-undefined uagb-block-1e9432cf\"><div class=\"uagb-column__overlay\"><\/div>\n<p class=\"has-small-font-size\"><strong>work in progress<\/strong><br>Planung der historischen Zeitachse<br>der alten Kaserne in Bitburg<br>LP 1-8<br>Nutzung: Sonderbau-Schule<br>Ort: Bitburg<br>Jahr: 2022-2024<\/p>\n<\/div>\n\n\n\n<div class=\"wp-block-uagb-column uagb-column__wrap uagb-column__background-undefined uagb-block-c4c5c4ac\"><div class=\"uagb-column__overlay\"><\/div>\n<figure class=\"wp-block-image size-large\"><img loading=\"lazy\" decoding=\"async\" width=\"1024\" height=\"303\" src=\"https:\/\/sabinereiser.de\/wp-content\/uploads\/2024\/05\/Faltung-1024x303.jpg\" alt=\"\" class=\"wp-image-1515\" srcset=\"https:\/\/sabinereiser.de\/wp-content\/uploads\/2024\/05\/Faltung-1024x303.jpg 1024w, https:\/\/sabinereiser.de\/wp-content\/uploads\/2024\/05\/Faltung-300x89.jpg 300w, https:\/\/sabinereiser.de\/wp-content\/uploads\/2024\/05\/Faltung-768x227.jpg 768w, https:\/\/sabinereiser.de\/wp-content\/uploads\/2024\/05\/Faltung-1536x454.jpg 1536w, https:\/\/sabinereiser.de\/wp-content\/uploads\/2024\/05\/Faltung.jpg 1591w\" sizes=\"auto, (max-width: 1024px) 100vw, 1024px\" \/><\/figure>\n<\/div>\n<\/div><\/section>\n<\/div>\n<\/div><\/section>\n\n\n\n<section class=\"wp-block-uagb-columns uagb-columns__wrap uagb-columns__background-none uagb-columns__stack-mobile uagb-columns__valign- uagb-columns__gap-10 align uagb-block-488ae2d9 uagb-columns__columns-1 uagb-columns__max_width-theme\"><div class=\"uagb-columns__overlay\"><\/div><div class=\"uagb-columns__inner-wrap uagb-columns__columns-1\">\n<div class=\"wp-block-uagb-column uagb-column__wrap uagb-column__background-undefined uagb-block-b3bdb866\"><div class=\"uagb-column__overlay\"><\/div>\n<div style=\"height:30px\" aria-hidden=\"true\" class=\"wp-block-spacer\"><\/div>\n\n\n\n<h2 class=\"wp-block-heading has-text-align-center\" style=\"font-size:52px\">*<br>Bauen im Bestand<br>Sanierung und Umbau<br>in Holzbauweise<\/h2>\n<\/div>\n<\/div><\/section>\n\n\n\n<section class=\"wp-block-uagb-columns uagb-columns__wrap uagb-columns__background-none uagb-columns__stack-mobile uagb-columns__valign- uagb-columns__gap-10 align uagb-block-c9137e73 uagb-columns__columns-2 uagb-columns__max_width-theme\"><div class=\"uagb-columns__overlay\"><\/div><div class=\"uagb-columns__inner-wrap uagb-columns__columns-2\">\n<div class=\"wp-block-uagb-column uagb-column__wrap uagb-column__background-undefined uagb-block-2a1f374c\"><div class=\"uagb-column__overlay\"><\/div>\n<figure class=\"wp-block-image size-full\"><img loading=\"lazy\" decoding=\"async\" width=\"606\" height=\"473\" src=\"https:\/\/sabinereiser.de\/wp-content\/uploads\/2024\/05\/Bild_2024-05-13_102942813.png\" alt=\"\" class=\"wp-image-1516\" srcset=\"https:\/\/sabinereiser.de\/wp-content\/uploads\/2024\/05\/Bild_2024-05-13_102942813.png 606w, https:\/\/sabinereiser.de\/wp-content\/uploads\/2024\/05\/Bild_2024-05-13_102942813-300x234.png 300w\" sizes=\"auto, (max-width: 606px) 100vw, 606px\" \/><\/figure>\n<\/div>\n\n\n\n<div class=\"wp-block-uagb-column uagb-column__wrap uagb-column__background-undefined uagb-block-202ec0ee\"><div class=\"uagb-column__overlay\"><\/div>\n<p><\/p>\n\n\n\n<p class=\"has-small-font-size\"><strong>work in progress<\/strong><br>Nachhaltige Sanierung und Umbau von drei<br>Wohnungen in Holzbauweise in KFW 70 EE<br>LP 1-8<br>Nutzung: Wohnung<br>Ort: Trier<br>BGF:222,m\u00b2<br>Jahr: 2023-2024<\/p>\n<\/div>\n<\/div><\/section>\n\n\n\n<section class=\"wp-block-uagb-columns uagb-columns__wrap uagb-columns__background-none uagb-columns__stack-mobile uagb-columns__valign- uagb-columns__gap-10 align uagb-block-94eb12d5 uagb-columns__columns-1 uagb-columns__max_width-theme\"><div class=\"uagb-columns__overlay\"><\/div><div class=\"uagb-columns__inner-wrap uagb-columns__columns-1\">\n<div class=\"wp-block-uagb-column uagb-column__wrap uagb-column__background-undefined uagb-block-919058a0\"><div class=\"uagb-column__overlay\"><\/div>\n<div style=\"height:30px\" aria-hidden=\"true\" class=\"wp-block-spacer\"><\/div>\n\n\n\n<h2 class=\"wp-block-heading has-text-align-center\" style=\"font-size:52px\">*<br>Abgeschlossene Studien<\/h2>\n<\/div>\n<\/div><\/section>\n\n\n\n<section class=\"wp-block-uagb-columns uagb-columns__wrap uagb-columns__background-none uagb-columns__stack-mobile uagb-columns__valign- uagb-columns__gap-10 align uagb-block-11133438 uagb-columns__columns-1 uagb-columns__max_width-theme\"><div class=\"uagb-columns__overlay\"><\/div><div class=\"uagb-columns__inner-wrap uagb-columns__columns-1\">\n<div class=\"wp-block-uagb-column uagb-column__wrap uagb-column__background-undefined uagb-block-2cde1145\"><div class=\"uagb-column__overlay\"><\/div>\n<section class=\"wp-block-uagb-columns uagb-columns__wrap uagb-columns__background-none uagb-columns__stack-mobile uagb-columns__valign- uagb-columns__gap-10 align uagb-block-98d9d74e uagb-columns__columns-2 uagb-columns__max_width-theme\"><div class=\"uagb-columns__overlay\"><\/div><div class=\"uagb-columns__inner-wrap uagb-columns__columns-2\">\n<div class=\"wp-block-uagb-column uagb-column__wrap uagb-column__background-undefined uagb-block-86b36cca\"><div class=\"uagb-column__overlay\"><\/div>\n<p class=\"CourierNewPS has-text-color has-link-color wp-elements-bbaba5c56cdf55f1c209dfe60dc7ad2c\" style=\"color:#2352a5\">Studie\/Gesamtkonzept mit Vorschl\u00e4gen<br>f\u00fcr Optimierung der Nutzungsbereiche,<br>Gestaltung, Materialien und Farben<br>f\u00fcr das Hallenbad in Hermeskeil.<\/p>\n<\/div>\n\n\n\n<div class=\"wp-block-uagb-column uagb-column__wrap uagb-column__background-undefined uagb-block-74848383\"><div class=\"uagb-column__overlay\"><\/div><\/div>\n<\/div><\/section>\n\n\n\n<section class=\"wp-block-uagb-columns uagb-columns__wrap uagb-columns__background-none uagb-columns__stack-mobile uagb-columns__valign- uagb-columns__gap-10 align uagb-block-395bdfb8 uagb-columns__columns-1 uagb-columns__max_width-theme\"><div class=\"uagb-columns__overlay\"><\/div><div class=\"uagb-columns__inner-wrap uagb-columns__columns-1\">\n<div class=\"wp-block-uagb-column uagb-column__wrap uagb-column__background-undefined uagb-block-137592a4\"><div class=\"uagb-column__overlay\"><\/div>\n<section class=\"wp-block-uagb-columns uagb-columns__wrap uagb-columns__background-none uagb-columns__stack-mobile uagb-columns__valign- uagb-columns__gap-0 align uagb-block-a5ab4d66 uagb-columns__columns-2 uagb-columns__max_width-theme\"><div class=\"uagb-columns__overlay\"><\/div><div class=\"uagb-columns__inner-wrap uagb-columns__columns-2\">\n<div class=\"wp-block-uagb-column uagb-column__wrap uagb-column__background-undefined uagb-block-6e1b0b87\"><div class=\"uagb-column__overlay\"><\/div>\n<figure class=\"wp-block-image size-large is-resized\"><img loading=\"lazy\" decoding=\"async\" width=\"1024\" height=\"688\" src=\"https:\/\/sabinereiser.de\/wp-content\/uploads\/2024\/05\/Clipboard01-1-1024x688.jpg\" alt=\"\" class=\"wp-image-1559\" style=\"width:401px;height:auto\" srcset=\"https:\/\/sabinereiser.de\/wp-content\/uploads\/2024\/05\/Clipboard01-1-1024x688.jpg 1024w, https:\/\/sabinereiser.de\/wp-content\/uploads\/2024\/05\/Clipboard01-1-300x202.jpg 300w, https:\/\/sabinereiser.de\/wp-content\/uploads\/2024\/05\/Clipboard01-1-768x516.jpg 768w, https:\/\/sabinereiser.de\/wp-content\/uploads\/2024\/05\/Clipboard01-1.jpg 1200w\" sizes=\"auto, (max-width: 1024px) 100vw, 1024px\" \/><\/figure>\n\n\n\n<p class=\"has-small-font-size\">Bauherrin:<br>Verbandsgemeindeverwaltung Hermeskeil<br>Jahr: 2023<\/p>\n<\/div>\n\n\n\n<div class=\"wp-block-uagb-column uagb-column__wrap uagb-column__background-undefined uagb-block-c8441c9f\"><div class=\"uagb-column__overlay\"><\/div>\n<p><\/p>\n\n\n\n<p><\/p>\n\n\n\n<p class=\"has-text-align-right has-small-font-size\"><\/p>\n<\/div>\n<\/div><\/section>\n\n\n\n<section class=\"wp-block-uagb-columns uagb-columns__wrap uagb-columns__background-none uagb-columns__stack-mobile uagb-columns__valign- uagb-columns__gap-10 align uagb-block-81fed4a9 uagb-columns__columns-2 uagb-columns__max_width-theme KitaImageSection\"><div class=\"uagb-columns__overlay\"><\/div><div class=\"uagb-columns__inner-wrap uagb-columns__columns-2\">\n<div class=\"wp-block-uagb-column uagb-column__wrap uagb-column__background-undefined uagb-block-54701505\"><div class=\"uagb-column__overlay\"><\/div><\/div>\n\n\n\n<div class=\"wp-block-uagb-column uagb-column__wrap uagb-column__background-undefined uagb-block-6124b258\"><div class=\"uagb-column__overlay\"><\/div>\n<p class=\"has-text-align-right has-small-font-size\">Auftraggeberin:<br>Stadt Neuerburg<br>Jahr: 2023<\/p>\n\n\n\n<figure class=\"wp-block-image size-large specImage\"><img loading=\"lazy\" decoding=\"async\" width=\"1024\" height=\"182\" src=\"https:\/\/sabinereiser.de\/wp-content\/uploads\/2024\/05\/zahnputzbecher-1024x182.jpg\" alt=\"\" class=\"wp-image-1716\" srcset=\"https:\/\/sabinereiser.de\/wp-content\/uploads\/2024\/05\/zahnputzbecher-1024x182.jpg 1024w, https:\/\/sabinereiser.de\/wp-content\/uploads\/2024\/05\/zahnputzbecher-300x53.jpg 300w, https:\/\/sabinereiser.de\/wp-content\/uploads\/2024\/05\/zahnputzbecher-768x137.jpg 768w, https:\/\/sabinereiser.de\/wp-content\/uploads\/2024\/05\/zahnputzbecher-1536x273.jpg 1536w, https:\/\/sabinereiser.de\/wp-content\/uploads\/2024\/05\/zahnputzbecher.jpg 1800w\" sizes=\"auto, (max-width: 1024px) 100vw, 1024px\" \/><\/figure>\n\n\n\n<div style=\"height:10px\" aria-hidden=\"true\" class=\"wp-block-spacer\"><\/div>\n\n\n\n<p class=\"has-text-align-right\"><strong>Studie zur Erweiterung einer KITA<\/strong><\/p>\n<\/div>\n<\/div><\/section>\n\n\n\n<section class=\"wp-block-uagb-columns uagb-columns__wrap uagb-columns__background-none uagb-columns__stack-mobile uagb-columns__valign- uagb-columns__gap-10 align uagb-block-7d6dca3e uagb-columns__columns-2 uagb-columns__max_width-theme\"><div class=\"uagb-columns__overlay\"><\/div><div class=\"uagb-columns__inner-wrap uagb-columns__columns-2\">\n<div class=\"wp-block-uagb-column uagb-column__wrap uagb-column__background-undefined uagb-block-2203e530\"><div class=\"uagb-column__overlay\"><\/div>\n<p class=\"CourierNewPS has-text-color has-link-color wp-elements-a8de6a09ef5fee17698fb9a6da54940b\" style=\"color:#e57733\">\u201eNachhaltig, effizient und innovativ<br>f\u00fcr die Zukunft unserer Kinder bauen!\u201c<\/p>\n\n\n\n<p><\/p>\n\n\n\n<p><\/p>\n\n\n\n<p class=\"has-small-font-size\">Studie zur Entwicklung<br>gemeinschaftlicher Bereiche<\/p>\n\n\n\n<p class=\"has-small-font-size\"><br>Auftraggeberin: VG S\u00fcdeifel, 2022<\/p>\n<\/div>\n\n\n\n<div class=\"wp-block-uagb-column uagb-column__wrap uagb-column__background-undefined uagb-block-902752f6\"><div class=\"uagb-column__overlay\"><\/div>\n<figure class=\"wp-block-image size-full\"><img loading=\"lazy\" decoding=\"async\" width=\"711\" height=\"708\" src=\"https:\/\/sabinereiser.de\/wp-content\/uploads\/2024\/05\/karte-1.jpg\" alt=\"\" class=\"wp-image-1523\" srcset=\"https:\/\/sabinereiser.de\/wp-content\/uploads\/2024\/05\/karte-1.jpg 711w, https:\/\/sabinereiser.de\/wp-content\/uploads\/2024\/05\/karte-1-300x300.jpg 300w, https:\/\/sabinereiser.de\/wp-content\/uploads\/2024\/05\/karte-1-150x150.jpg 150w\" sizes=\"auto, (max-width: 711px) 100vw, 711px\" \/><\/figure>\n\n\n\n<div style=\"height:15px\" aria-hidden=\"true\" class=\"wp-block-spacer\"><\/div>\n\n\n\n<p class=\"has-small-font-size\">Wir unterst\u00fctzen mit unseren Studien \u00f6ffentliche Institutionen in Ihren Entscheidungen f\u00fcr zukunftsorientierte Bauprojekte.Die Leistungsphase null&nbsp; bereitet die Leistungsphasen 1-9 vor. Nutzerbed\u00fcrfnisse, der regionale&nbsp; Kontext, Verkehrsanbindungen, Entwicklungs- und Bedarfspl\u00e4ne werden ber\u00fccksichtigt. Es entstehen Entscheidungshilfen mit Gegen\u00fcberstellungen verschiedener M\u00f6glichkeiten bezogen auf Kosten und Bauausf\u00fchrungen.<\/p>\n<\/div>\n<\/div><\/section>\n<\/div>\n<\/div><\/section>\n<\/div>\n<\/div><\/section>\n\n\n\n<section class=\"wp-block-uagb-columns uagb-columns__wrap uagb-columns__background-none uagb-columns__stack-mobile uagb-columns__valign- uagb-columns__gap-10 align uagb-block-603d20c2 uagb-columns__columns-1 uagb-columns__max_width-theme\"><div class=\"uagb-columns__overlay\"><\/div><div class=\"uagb-columns__inner-wrap uagb-columns__columns-1\">\n<div class=\"wp-block-uagb-column uagb-column__wrap uagb-column__background-undefined uagb-block-cd92e946\"><div class=\"uagb-column__overlay\"><\/div>\n<div style=\"height:30px\" aria-hidden=\"true\" class=\"wp-block-spacer\"><\/div>\n\n\n\n<h2 class=\"wp-block-heading has-text-align-center\" style=\"font-size:52px\">Fertigstellung des Umbaus einer Rechtsanwaltskanzlei in Trier<\/h2>\n<\/div>\n<\/div><\/section>\n\n\n\n<section class=\"wp-block-uagb-columns uagb-columns__wrap uagb-columns__background-none uagb-columns__stack-mobile uagb-columns__valign-center uagb-columns__gap-10 align uagb-block-2b2fc893 uagb-columns__columns-2 uagb-columns__max_width-theme\"><div class=\"uagb-columns__overlay\"><\/div><div class=\"uagb-columns__inner-wrap uagb-columns__columns-2\">\n<div class=\"wp-block-uagb-column uagb-column__wrap uagb-column__background-undefined uagb-block-82aa10c3\"><div class=\"uagb-column__overlay\"><\/div>\n<div class=\"wp-block-columns is-style-twentytwentyone-columns-overlap is-layout-flex wp-container-core-columns-is-layout-9d6595d7 wp-block-columns-is-layout-flex\">\n<div class=\"wp-block-column is-vertically-aligned-bottom is-layout-flow wp-block-column-is-layout-flow\" style=\"flex-basis:34%\">\n<p class=\"has-text-align-right has-small-font-size\"><strong>Fertigstellung<\/strong><br>Umbau einer Rechtsanwaltskanzlei LP 1-8<br>Bauen im Bestand<br>Nutzung: gewerblich<br>Ort: Trier<\/p>\n\n\n\n<p class=\"has-text-align-right has-small-font-size\">BGF: 857 m\u00b2<br>Jahr:2021\/2022<\/p>\n<\/div>\n\n\n\n<div class=\"wp-block-column is-vertically-aligned-bottom ticss-dd954863 is-layout-flow wp-block-column-is-layout-flow\" style=\"flex-basis:66%\">\n<figure class=\"wp-block-image size-large\"><a href=\"https:\/\/sabinereiser.de\/?p=1017\"><img loading=\"lazy\" decoding=\"async\" width=\"676\" height=\"1024\" src=\"https:\/\/sabinereiser.de\/wp-content\/uploads\/2021\/11\/Kohl-Law-_Kanzlei-085-676x1024.jpg\" alt=\"\" class=\"wp-image-1431\" srcset=\"https:\/\/sabinereiser.de\/wp-content\/uploads\/2021\/11\/Kohl-Law-_Kanzlei-085-676x1024.jpg 676w, https:\/\/sabinereiser.de\/wp-content\/uploads\/2021\/11\/Kohl-Law-_Kanzlei-085-198x300.jpg 198w, https:\/\/sabinereiser.de\/wp-content\/uploads\/2021\/11\/Kohl-Law-_Kanzlei-085-768x1164.jpg 768w, https:\/\/sabinereiser.de\/wp-content\/uploads\/2021\/11\/Kohl-Law-_Kanzlei-085-1014x1536.jpg 1014w, https:\/\/sabinereiser.de\/wp-content\/uploads\/2021\/11\/Kohl-Law-_Kanzlei-085.jpg 1267w\" sizes=\"auto, (max-width: 676px) 100vw, 676px\" \/><\/a><\/figure>\n<\/div>\n<\/div>\n<\/div>\n\n\n\n<div class=\"wp-block-uagb-column uagb-column__wrap uagb-column__background-undefined uagb-block-e8b60a88 ticss-8be1fc34 unten\"><div class=\"uagb-column__overlay\"><\/div>\n<div class=\"wp-block-columns is-style-twentytwentyone-columns-overlap is-layout-flex wp-container-core-columns-is-layout-9d6595d7 wp-block-columns-is-layout-flex\">\n<div class=\"wp-block-column is-vertically-aligned-bottom is-layout-flow wp-block-column-is-layout-flow\">\n<h2 class=\"wp-block-heading has-text-align-center\">NEW WORK: Mehr Agilit\u00e4t, Flexibilit\u00e4t und Kreativit\u00e4t am Arbeitsplatz<\/h2>\n\n\n\n<h2 class=\"wp-block-heading has-text-align-center\">*<\/h2>\n\n\n\n<h2 class=\"wp-block-heading has-text-align-center\">Eine Kombination aus hellen und transparenten R\u00e4umen und trotzdem Diskretion und Schutz f\u00fcr die Mitarbeiterinnen* und Mandantinnen* zu bieten, ist bei diesem Projekt gelungen.<\/h2>\n<\/div>\n<\/div>\n<\/div>\n<\/div><\/section>\n\n\n\n<section class=\"wp-block-uagb-columns uagb-columns__wrap uagb-columns__background-none uagb-columns__stack-mobile uagb-columns__valign- uagb-columns__gap-10 align uagb-block-3681f245 uagb-columns__columns-2 uagb-columns__max_width-theme\"><div class=\"uagb-columns__overlay\"><\/div><div class=\"uagb-columns__inner-wrap uagb-columns__columns-2\">\n<div class=\"wp-block-uagb-column uagb-column__wrap uagb-column__background-undefined uagb-block-b1238d16\"><div class=\"uagb-column__overlay\"><\/div>\n<h3 class=\"wp-block-heading has-text-align-right\">Tag der Architektur 2021<\/h3>\n\n\n\n<p class=\"has-text-align-right has-small-font-size\">Umbau und Sanierung des Missionshauses<br>des St. Josef Gymnasium in Biesdorf, LP 1-8<br>Nutzung: Sonderbau-Schule<br>Ort: Biesdorf, S\u00fcdeifel<br>BGF: ca.1.884 m\u00b2<br>Jahr: 2019-2020<\/p>\n\n\n<div class=\"wp-block-image\">\n<figure class=\"alignright size-full is-resized\"><a href=\"https:\/\/sabinereiser.de\/wp-content\/uploads\/2021\/12\/TagderArchitektur_Gymnasium.mp4\" target=\"_blank\" rel=\"noopener\"><img loading=\"lazy\" decoding=\"async\" width=\"120\" height=\"120\" src=\"https:\/\/sabinereiser.de\/wp-content\/uploads\/2021\/12\/play.png\" alt=\"\" class=\"wp-image-1391\" style=\"width:60px;height:60px\"\/><\/a><\/figure>\n<\/div>\n\n\n<div style=\"height:96px\" aria-hidden=\"true\" class=\"wp-block-spacer uag-hide-tab uag-hide-mob uag-hide-tab uag-hide-mob\"><\/div>\n\n\n<div class=\"wp-block-image\">\n<figure class=\"alignright size-medium is-resized\"><img loading=\"lazy\" decoding=\"async\" width=\"300\" height=\"213\" src=\"https:\/\/sabinereiser.de\/wp-content\/uploads\/2021\/10\/Logo-TDA-mini-300x213.jpg\" alt=\"\" class=\"wp-image-341\" style=\"width:150px;height:107px\" srcset=\"https:\/\/sabinereiser.de\/wp-content\/uploads\/2021\/10\/Logo-TDA-mini-300x213.jpg 300w, https:\/\/sabinereiser.de\/wp-content\/uploads\/2021\/10\/Logo-TDA-mini.jpg 449w\" sizes=\"auto, (max-width: 300px) 100vw, 300px\" \/><\/figure>\n<\/div><\/div>\n\n\n\n<div class=\"wp-block-uagb-column uagb-column__wrap uagb-column__background-undefined uagb-block-c075473c\"><div class=\"uagb-column__overlay\"><\/div>\n<figure class=\"wp-block-image size-full\"><a href=\"https:\/\/sabinereiser.de\/?p=934\"><img loading=\"lazy\" decoding=\"async\" width=\"1392\" height=\"928\" src=\"https:\/\/sabinereiser.de\/wp-content\/uploads\/2021\/10\/st_josef.jpg\" alt=\"\" class=\"wp-image-281\" srcset=\"https:\/\/sabinereiser.de\/wp-content\/uploads\/2021\/10\/st_josef.jpg 1392w, https:\/\/sabinereiser.de\/wp-content\/uploads\/2021\/10\/st_josef-300x200.jpg 300w, https:\/\/sabinereiser.de\/wp-content\/uploads\/2021\/10\/st_josef-1024x683.jpg 1024w, https:\/\/sabinereiser.de\/wp-content\/uploads\/2021\/10\/st_josef-768x512.jpg 768w, https:\/\/sabinereiser.de\/wp-content\/uploads\/2021\/10\/st_josef-930x620.jpg 930w\" sizes=\"auto, (max-width: 1392px) 100vw, 1392px\" \/><\/a><\/figure>\n<\/div>\n<\/div><\/section>\n\n\n\n<section class=\"wp-block-uagb-columns uagb-columns__wrap uagb-columns__background-none uagb-columns__stack-mobile uagb-columns__valign-top uagb-columns__gap-10 align uagb-block-a74e9bdf uagb-columns__columns-1 uagb-columns__max_width-theme\"><div class=\"uagb-columns__overlay\"><\/div><div class=\"uagb-columns__inner-wrap uagb-columns__columns-1\">\n<div class=\"wp-block-uagb-column uagb-column__wrap uagb-column__background-undefined uagb-block-78593954\"><div class=\"uagb-column__overlay\"><\/div>\n<div class=\"wp-block-columns is-style-twentytwentyone-columns-overlap is-layout-flex wp-container-core-columns-is-layout-9d6595d7 wp-block-columns-is-layout-flex\">\n<div class=\"wp-block-column ticss-462b8195 is-layout-flow wp-block-column-is-layout-flow\" style=\"flex-basis:33.33%\">\n<div style=\"height:5px\" aria-hidden=\"true\" class=\"wp-block-spacer\"><\/div>\n\n\n\n<h3 class=\"wp-block-heading has-text-align-right\">Tag der Architektur 2021<\/h3>\n\n\n\n<p class=\"has-text-align-right has-small-font-size\">Konzeption und Planung des arch\u00e4ologischen Parcours in Bitburg, LP 1-8 und Grafik<br>Nutzung: Parcours und Expo in Freien<br>Ort: Bitburg<br>Leistungen: LP 1-8, Grafik, Konzeption und Koordination<br>Jahr: 2017-2020<\/p>\n\n\n<div class=\"wp-block-image\">\n<figure class=\"alignright size-full is-resized\"><a href=\"https:\/\/sabinereiser.de\/wp-content\/uploads\/2021\/12\/TagderArchitektur_ParcourBitburg.mp4\" target=\"_blank\" rel=\"noopener\"><img loading=\"lazy\" decoding=\"async\" width=\"120\" height=\"120\" src=\"https:\/\/sabinereiser.de\/wp-content\/uploads\/2021\/12\/play.png\" alt=\"\" class=\"wp-image-1391\" style=\"width:60px;height:60px\"\/><\/a><\/figure>\n<\/div>\n\n\n<div style=\"height:202px\" aria-hidden=\"true\" class=\"wp-block-spacer uag-hide-tab uag-hide-mob uag-hide-tab uag-hide-mob\"><\/div>\n\n\n<div class=\"wp-block-image\">\n<figure class=\"alignright size-medium is-resized\"><img loading=\"lazy\" decoding=\"async\" width=\"300\" height=\"213\" src=\"https:\/\/sabinereiser.de\/wp-content\/uploads\/2021\/10\/Logo-TDA-mini-300x213.jpg\" alt=\"\" class=\"wp-image-341\" style=\"width:150px;height:107px\" srcset=\"https:\/\/sabinereiser.de\/wp-content\/uploads\/2021\/10\/Logo-TDA-mini-300x213.jpg 300w, https:\/\/sabinereiser.de\/wp-content\/uploads\/2021\/10\/Logo-TDA-mini.jpg 449w\" sizes=\"auto, (max-width: 300px) 100vw, 300px\" \/><\/figure>\n<\/div><\/div>\n\n\n\n<div class=\"wp-block-column ticss-ffc9b1d0 is-layout-flow wp-block-column-is-layout-flow\" style=\"flex-basis:66.66%\"><div class=\"wp-block-image\">\n<figure class=\"alignright size-full\"><a href=\"https:\/\/sabinereiser.de\/?p=446\"><img loading=\"lazy\" decoding=\"async\" width=\"1008\" height=\"756\" src=\"https:\/\/sabinereiser.de\/wp-content\/uploads\/2021\/10\/tda_vid-1.jpg\" alt=\"\" class=\"wp-image-280\" srcset=\"https:\/\/sabinereiser.de\/wp-content\/uploads\/2021\/10\/tda_vid-1.jpg 1008w, https:\/\/sabinereiser.de\/wp-content\/uploads\/2021\/10\/tda_vid-1-300x225.jpg 300w, https:\/\/sabinereiser.de\/wp-content\/uploads\/2021\/10\/tda_vid-1-768x576.jpg 768w\" sizes=\"auto, (max-width: 1008px) 100vw, 1008px\" \/><\/a><\/figure>\n<\/div><\/div>\n<\/div>\n<\/div>\n<\/div><\/section>\n\n\n\n<section class=\"wp-block-uagb-columns uagb-columns__wrap uagb-columns__background-none uagb-columns__stack-mobile uagb-columns__valign- uagb-columns__gap-10 align uagb-block-08cbccbe uagb-columns__columns-2 uagb-columns__max_width-theme\"><div class=\"uagb-columns__overlay\"><\/div><div class=\"uagb-columns__inner-wrap uagb-columns__columns-2\">\n<div class=\"wp-block-uagb-column uagb-column__wrap uagb-column__background-undefined uagb-block-bc46e042\"><div class=\"uagb-column__overlay\"><\/div>\n<figure class=\"wp-block-image size-large links\"><a href=\"https:\/\/sabinereiser.de\/?p=967\"><img loading=\"lazy\" decoding=\"async\" width=\"771\" height=\"1024\" src=\"https:\/\/sabinereiser.de\/wp-content\/uploads\/2021\/10\/hybrid_modelle-771x1024.jpg\" alt=\"\" class=\"wp-image-342\" srcset=\"https:\/\/sabinereiser.de\/wp-content\/uploads\/2021\/10\/hybrid_modelle-771x1024.jpg 771w, https:\/\/sabinereiser.de\/wp-content\/uploads\/2021\/10\/hybrid_modelle-226x300.jpg 226w, https:\/\/sabinereiser.de\/wp-content\/uploads\/2021\/10\/hybrid_modelle-768x1019.jpg 768w, https:\/\/sabinereiser.de\/wp-content\/uploads\/2021\/10\/hybrid_modelle.jpg 1008w\" sizes=\"auto, (max-width: 771px) 100vw, 771px\" \/><\/a><figcaption class=\"wp-element-caption\">Studie eines Mehrfamilienhauses in Hybridbauweise f\u00fcr ca. 19 WE in Castelnau in Trier<br>Nutzung: Wohnraum\/Eigentumswohnungen<br>Ort: Trier<br>BGF:ca. 2.155 m\u00b2<br>Jahr: 2020<\/figcaption><\/figure>\n<\/div>\n\n\n\n<div class=\"wp-block-uagb-column uagb-column__wrap uagb-column__background-undefined uagb-block-5fec77cf\"><div class=\"uagb-column__overlay\"><\/div>\n<h2 class=\"wp-block-heading has-text-align-center\">Wir erbringen seit mehr als 8 Jahren hoch spezialisierte Leistungen im Holzhybridbau der Geb\u00e4udeklassen 2-4 f\u00fcr die Bereiche Wohnungsbau und Gewerbe in der Region.<\/h2>\n\n\n\n<h2 class=\"wp-block-heading has-text-align-center\">*<\/h2>\n\n\n\n<h2 class=\"wp-block-heading has-text-align-center\">Das bedeutet eine optimale Baustoffausnutzung.<\/h2>\n\n\n\n<h2 class=\"wp-block-heading has-text-align-center\">Beton steht f\u00fcr Schall-und Brandschutz. Stahl steht f\u00fcr gute Tragf\u00e4higkeit, geringe Querschnitte. Holz steht f\u00fcr gute W\u00e4rmed\u00e4mmwerte, Leichtigkeit, einfache Verarbeitung, Wiederverwertbarkeit und CO2 Neutralit\u00e4t.<\/h2>\n<\/div>\n<\/div><\/section>\n\n\n\n<section class=\"wp-block-uagb-columns uagb-columns__wrap uagb-columns__background-none uagb-columns__stack-mobile uagb-columns__valign-bottom uagb-columns__gap-10 align uagb-block-fc2915e7 uagb-columns__columns-2 uagb-columns__max_width-theme\"><div class=\"uagb-columns__overlay\"><\/div><div class=\"uagb-columns__inner-wrap uagb-columns__columns-2\">\n<div class=\"wp-block-uagb-column uagb-column__wrap uagb-column__background-undefined uagb-block-92e14979\"><div class=\"uagb-column__overlay\"><\/div>\n<p class=\"has-text-align-right has-small-font-size\">Bauen im l\u00e4ndlichen Kontext, Errichtung eines 6 Familienhauses<br>in Holzhybridbauweise in K\u00f6rperich, LP 1-8<br>Nutzung: Wohnraum\/Vermietung<br>Ort: K\u00f6rperich S\u00fcdeifel<br>BGF: ca. 488 m\u00b2<br>Jahr: 2016-2018<\/p>\n<\/div>\n\n\n\n<div class=\"wp-block-uagb-column uagb-column__wrap uagb-column__background-undefined uagb-block-107386f4\"><div class=\"uagb-column__overlay\"><\/div>\n<figure class=\"wp-block-image size-large\"><a href=\"https:\/\/sabinereiser.de\/?p=951\"><img loading=\"lazy\" decoding=\"async\" width=\"1024\" height=\"823\" src=\"https:\/\/sabinereiser.de\/wp-content\/uploads\/2021\/10\/hybrid_mfh-1024x823.jpg\" alt=\"\" class=\"wp-image-285\" srcset=\"https:\/\/sabinereiser.de\/wp-content\/uploads\/2021\/10\/hybrid_mfh-1024x823.jpg 1024w, https:\/\/sabinereiser.de\/wp-content\/uploads\/2021\/10\/hybrid_mfh-300x241.jpg 300w, https:\/\/sabinereiser.de\/wp-content\/uploads\/2021\/10\/hybrid_mfh-768x617.jpg 768w, https:\/\/sabinereiser.de\/wp-content\/uploads\/2021\/10\/hybrid_mfh.jpg 1388w\" sizes=\"auto, (max-width: 1024px) 100vw, 1024px\" \/><\/a><\/figure>\n<\/div>\n<\/div><\/section>\n\n\n\n<section class=\"wp-block-uagb-columns uagb-columns__wrap uagb-columns__background-none uagb-columns__stack-mobile uagb-columns__valign- uagb-columns__gap-10 align uagb-block-667fa295 uagb-columns__columns-3 uagb-columns__max_width-theme\"><div class=\"uagb-columns__overlay\"><\/div><div class=\"uagb-columns__inner-wrap uagb-columns__columns-3\">\n<div class=\"wp-block-uagb-column uagb-column__wrap uagb-column__background-undefined uagb-block-1e9a2e92\"><div class=\"uagb-column__overlay\"><\/div>\n<figure class=\"wp-block-image size-full\"><img loading=\"lazy\" decoding=\"async\" width=\"528\" height=\"788\" src=\"https:\/\/sabinereiser.de\/wp-content\/uploads\/2021\/12\/SR-031-Kopie_crop.jpg\" alt=\"\" class=\"wp-image-1378\" srcset=\"https:\/\/sabinereiser.de\/wp-content\/uploads\/2021\/12\/SR-031-Kopie_crop.jpg 528w, https:\/\/sabinereiser.de\/wp-content\/uploads\/2021\/12\/SR-031-Kopie_crop-201x300.jpg 201w\" sizes=\"auto, (max-width: 528px) 100vw, 528px\" \/><\/figure>\n<\/div>\n\n\n\n<div class=\"wp-block-uagb-column uagb-column__wrap uagb-column__background-undefined uagb-block-af7021bd\"><div class=\"uagb-column__overlay\"><\/div>\n<h3 class=\"wp-block-heading\">Sabine Reiser<\/h3>\n\n\n\n<p class=\"ticss-053e2274 trennung has-small-font-size\">Arbeitet selbstst\u00e4ndig als Architektin und Innenarchitektin, seit mehr als 25 Jahren in den Bereichen Bauen im Bestand und Ausstellungsarchitektur. In den letzten 8 Jahren erfolgte die Spezialisierung auf Holzhybridbau, Lowtec Architektur, Innenarchitektur und Konzeption.<br><br>Ausbildung zur Schreinerin mit Schwerpunkt Innenausbau. Studium der Innenarchitektur an der Hochschule Trier mit Auslandsprojekt in den USA an der Kansas State University. W\u00e4hrend des Studiums T\u00e4tigkeit als studentische Mitarbeiterin im Architekturb\u00fcro RSE in Kassel und Geburt des Sohnes Moritz.<br>Nachdem Studium folgten 2 Jahre Festanstellung bei Herrmann &amp; Valentiny in Luxembourg. Arbeitsschwerpunkte waren Ausf\u00fchrungsplanung und Innenraumgestaltungen.<br><br>Seit 1995 Aufnahme in AKRP als Innenarchitektin. Nach 10 j\u00e4hriger Selbstst\u00e4ndigkeit Aufnahme als Architektin in die AKRP, darauf folgte 2007 die Aufnahme als Architektin in die OAI Luxembourg. Verleihung des Architekturpreises \u201evorbildliches Bauen im Landkreis Trier Saarburg 2011. Seit 2001 nimmt das B\u00fcro in regelm\u00e4\u00dfigen Abst\u00e4nden teil am Tag der Architektur in Rheinland-Pfalz.<\/p>\n<\/div>\n\n\n\n<div class=\"wp-block-uagb-column uagb-column__wrap uagb-column__background-undefined uagb-block-691f491d\"><div class=\"uagb-column__overlay\"><\/div><\/div>\n<\/div><\/section>\n\n\n\n<section class=\"wp-block-uagb-columns uagb-columns__wrap uagb-columns__background-none uagb-columns__stack-mobile uagb-columns__valign- uagb-columns__gap-10 align uagb-block-abd5a2e0 uagb-columns__columns-3 uagb-columns__max_width-theme\"><div class=\"uagb-columns__overlay\"><\/div><div class=\"uagb-columns__inner-wrap uagb-columns__columns-3\">\n<div class=\"wp-block-uagb-column uagb-column__wrap uagb-column__background-undefined uagb-block-6718a0ec\"><div class=\"uagb-column__overlay\"><\/div><\/div>\n\n\n\n<div class=\"wp-block-uagb-column uagb-column__wrap uagb-column__background-undefined uagb-block-741366ea\"><div class=\"uagb-column__overlay\"><\/div>\n<h3 class=\"wp-block-heading\">Florian Loch<\/h3>\n\n\n\n<p class=\"ticss-47da3cc9 trennung has-small-font-size\">Architekt mit Schwerpunkt Ausf\u00fchrungsplanung, Ausschreibungen, Brandschutz und Bauleitung im Bereich Bauen im Bestand und Holzhybridbau.<\/p>\n\n\n\n<p class=\"ticss-4b26c943 trennung has-small-font-size\">Seit 2017 nach dem Master of Arts des Fachbereiches Architektur der Hochschule Trier in meinem Architekturb\u00fcro t\u00e4tig. W\u00e4hrend des Studiums erfolgten Praktika im Bereich Holzbau, Innenausbau und Bauschreinerei. Au\u00dferdem arbeitete er im Bereich Ausf\u00fchrungsplanung und Entwurf als studentischer Mitarbeiter in einem regionalen Holzbauunternehmen.<\/p>\n\n\n\n<p class=\"has-text-align-right has-small-font-size\"><\/p>\n<\/div>\n\n\n\n<div class=\"wp-block-uagb-column uagb-column__wrap uagb-column__background-undefined uagb-block-5cef8a26\"><div class=\"uagb-column__overlay\"><\/div>\n<figure class=\"wp-block-image size-large\"><img loading=\"lazy\" decoding=\"async\" width=\"683\" height=\"1024\" src=\"https:\/\/sabinereiser.de\/wp-content\/uploads\/2021\/12\/SR-021-Kopie-683x1024.jpg\" alt=\"\" class=\"wp-image-1382\" srcset=\"https:\/\/sabinereiser.de\/wp-content\/uploads\/2021\/12\/SR-021-Kopie-683x1024.jpg 683w, https:\/\/sabinereiser.de\/wp-content\/uploads\/2021\/12\/SR-021-Kopie-200x300.jpg 200w, https:\/\/sabinereiser.de\/wp-content\/uploads\/2021\/12\/SR-021-Kopie-768x1152.jpg 768w, https:\/\/sabinereiser.de\/wp-content\/uploads\/2021\/12\/SR-021-Kopie.jpg 800w\" sizes=\"auto, (max-width: 683px) 100vw, 683px\" \/><\/figure>\n<\/div>\n<\/div><\/section>\n\n\n\n<section class=\"wp-block-uagb-columns uagb-columns__wrap uagb-columns__background-none uagb-columns__stack-mobile uagb-columns__valign- uagb-columns__gap-10 align uagb-block-b43a6339 uagb-columns__columns-3 uagb-columns__max_width-theme\"><div class=\"uagb-columns__overlay\"><\/div><div class=\"uagb-columns__inner-wrap uagb-columns__columns-3\">\n<div class=\"wp-block-uagb-column uagb-column__wrap uagb-column__background-undefined uagb-block-a1a6c4c0\"><div class=\"uagb-column__overlay\"><\/div>\n<figure class=\"wp-block-image size-full is-resized\"><img loading=\"lazy\" decoding=\"async\" width=\"550\" height=\"833\" src=\"https:\/\/sabinereiser.de\/wp-content\/uploads\/2024\/05\/Weberbach-058-foto-alex-bludau.jpg\" alt=\"\" class=\"wp-image-1472\" style=\"width:292px\" srcset=\"https:\/\/sabinereiser.de\/wp-content\/uploads\/2024\/05\/Weberbach-058-foto-alex-bludau.jpg 550w, https:\/\/sabinereiser.de\/wp-content\/uploads\/2024\/05\/Weberbach-058-foto-alex-bludau-198x300.jpg 198w\" sizes=\"auto, (max-width: 550px) 100vw, 550px\" \/><\/figure>\n<\/div>\n\n\n\n<div class=\"wp-block-uagb-column uagb-column__wrap uagb-column__background-undefined uagb-block-cc8d047f\"><div class=\"uagb-column__overlay\"><\/div>\n<h3 class=\"wp-block-heading\">Alexandra Bludau<\/h3>\n\n\n\n<p class=\"ticss-053e2274 trennung has-small-font-size\">Architekturstudentin an der Hochschule Trier 5. Semester. Sie arbeitet im Bereich Recherche, Entwurf und Grafik (Festanstellung).<\/p>\n<\/div>\n\n\n\n<div class=\"wp-block-uagb-column uagb-column__wrap uagb-column__background-undefined uagb-block-f203281c\"><div class=\"uagb-column__overlay\"><\/div><\/div>\n<\/div><\/section>\n\n\n\n<section class=\"wp-block-uagb-columns uagb-columns__wrap uagb-columns__background-none uagb-columns__stack-mobile uagb-columns__valign-center uagb-columns__gap-10 align uagb-block-bf99528d uagb-columns__columns-2 uagb-columns__max_width-theme\"><div class=\"uagb-columns__overlay\"><\/div><div class=\"uagb-columns__inner-wrap uagb-columns__columns-2\">\n<div class=\"wp-block-uagb-column uagb-column__wrap uagb-column__background-undefined uagb-block-203c09d2\"><div class=\"uagb-column__overlay\"><\/div>\n<h2 class=\"wp-block-heading has-text-align-center\">Der Erhalt der regionalen Baukultur im Raum der Mosel, Eifel und Hunsr\u00fcck ist uns eine Herzensangelegenheit.<\/h2>\n<\/div>\n\n\n\n<div class=\"wp-block-uagb-column uagb-column__wrap uagb-column__background-undefined uagb-block-b53accdf\"><div class=\"uagb-column__overlay\"><\/div>\n<figure class=\"wp-block-image size-full\"><img loading=\"lazy\" decoding=\"async\" width=\"1000\" height=\"667\" src=\"https:\/\/sabinereiser.de\/wp-content\/uploads\/2021\/12\/LC-Mosel-045-Kopie.jpg\" alt=\"\" class=\"wp-image-1191\" srcset=\"https:\/\/sabinereiser.de\/wp-content\/uploads\/2021\/12\/LC-Mosel-045-Kopie.jpg 1000w, https:\/\/sabinereiser.de\/wp-content\/uploads\/2021\/12\/LC-Mosel-045-Kopie-300x200.jpg 300w, https:\/\/sabinereiser.de\/wp-content\/uploads\/2021\/12\/LC-Mosel-045-Kopie-768x512.jpg 768w, https:\/\/sabinereiser.de\/wp-content\/uploads\/2021\/12\/LC-Mosel-045-Kopie-930x620.jpg 930w\" sizes=\"auto, (max-width: 1000px) 100vw, 1000px\" \/><\/figure>\n<\/div>\n<\/div><\/section>\n\n\n\n<section class=\"wp-block-uagb-columns uagb-columns__wrap uagb-columns__background-none uagb-columns__stack-mobile uagb-columns__valign-bottom uagb-columns__gap-10 align uagb-block-10c20061 uagb-columns__columns-2 uagb-columns__max_width-theme\"><div class=\"uagb-columns__overlay\"><\/div><div class=\"uagb-columns__inner-wrap uagb-columns__columns-2\">\n<div class=\"wp-block-uagb-column uagb-column__wrap uagb-column__background-undefined uagb-block-9c310561 unten\"><div class=\"uagb-column__overlay\"><\/div>\n<figure class=\"wp-block-image size-large\"><img loading=\"lazy\" decoding=\"async\" width=\"1024\" height=\"747\" src=\"https:\/\/sabinereiser.de\/wp-content\/uploads\/2021\/10\/zeichnung_kita-1024x747.jpg\" alt=\"\" class=\"wp-image-215\" srcset=\"https:\/\/sabinereiser.de\/wp-content\/uploads\/2021\/10\/zeichnung_kita-1024x747.jpg 1024w, https:\/\/sabinereiser.de\/wp-content\/uploads\/2021\/10\/zeichnung_kita-300x219.jpg 300w, https:\/\/sabinereiser.de\/wp-content\/uploads\/2021\/10\/zeichnung_kita-768x560.jpg 768w, https:\/\/sabinereiser.de\/wp-content\/uploads\/2021\/10\/zeichnung_kita-1536x1120.jpg 1536w, https:\/\/sabinereiser.de\/wp-content\/uploads\/2021\/10\/zeichnung_kita.jpg 1622w\" sizes=\"auto, (max-width: 1024px) 100vw, 1024px\" \/><\/figure>\n<\/div>\n\n\n\n<div class=\"wp-block-uagb-column uagb-column__wrap uagb-column__background-undefined uagb-block-2e839566\"><div class=\"uagb-column__overlay\"><\/div>\n<p class=\"has-text-align-left has-small-font-size\">Studie f\u00fcr eine KITA Erweiterung<br>Nutzung: Sonderbau-Kindertagest\u00e4tte<br>Ort: Konz Niedermennig<\/p>\n\n\n\n<div style=\"height:25px\" aria-hidden=\"true\" class=\"wp-block-spacer\"><\/div>\n<\/div>\n<\/div><\/section>\n\n\n\n<section class=\"wp-block-uagb-columns uagb-columns__wrap uagb-columns__background-none uagb-columns__stack-mobile uagb-columns__valign-center uagb-columns__gap-10 align uagb-block-1501b75d uagb-columns__columns-2 uagb-columns__max_width-theme\"><div class=\"uagb-columns__overlay\"><\/div><div class=\"uagb-columns__inner-wrap uagb-columns__columns-2\">\n<div class=\"wp-block-uagb-column uagb-column__wrap uagb-column__background-undefined uagb-block-c4bcc1ea\"><div class=\"uagb-column__overlay\"><\/div>\n<h2 class=\"wp-block-heading has-text-align-center\">Der Grundstein f\u00fcr Ihr Projekt wird mit unserer Konzeptarbeit gelegt.<br>Wir h\u00f6ren Ihnen zu!<\/h2>\n<\/div>\n\n\n\n<div class=\"wp-block-uagb-column uagb-column__wrap uagb-column__background-undefined uagb-block-fef68d72\"><div class=\"uagb-column__overlay\"><\/div>\n<figure class=\"wp-block-image size-full\"><img loading=\"lazy\" decoding=\"async\" width=\"1000\" height=\"670\" src=\"https:\/\/sabinereiser.de\/wp-content\/uploads\/2021\/12\/SR-060-sw-Kopie.jpg\" alt=\"\" class=\"wp-image-1193\" srcset=\"https:\/\/sabinereiser.de\/wp-content\/uploads\/2021\/12\/SR-060-sw-Kopie.jpg 1000w, https:\/\/sabinereiser.de\/wp-content\/uploads\/2021\/12\/SR-060-sw-Kopie-300x201.jpg 300w, https:\/\/sabinereiser.de\/wp-content\/uploads\/2021\/12\/SR-060-sw-Kopie-768x515.jpg 768w\" sizes=\"auto, (max-width: 1000px) 100vw, 1000px\" \/><\/figure>\n<\/div>\n<\/div><\/section>\n\n\n\n<section class=\"wp-block-uagb-columns uagb-columns__wrap uagb-columns__background-none uagb-columns__stack-mobile uagb-columns__valign- uagb-columns__gap-10 align uagb-block-8befe141 uagb-columns__columns-1 uagb-columns__max_width-theme\"><div class=\"uagb-columns__overlay\"><\/div><div class=\"uagb-columns__inner-wrap uagb-columns__columns-1\">\n<div class=\"wp-block-uagb-column uagb-column__wrap uagb-column__background-undefined uagb-block-2031e694\"><div class=\"uagb-column__overlay\"><\/div>\n<h2 class=\"wp-block-heading has-text-align-center\">Unsere Innenarchitektur ist eine<br>\u201eSynthese\u201c<br>aus Raum und Mensch.<\/h2>\n\n\n\n<h2 class=\"wp-block-heading has-text-align-center\">Achtsam werden bestehende Strukturen, die Geschichte des Geb\u00e4udes und die menschlichen Bed\u00fcrfnisse auf einander abgestimmt.<\/h2>\n<\/div>\n<\/div><\/section>\n\n\n\n<section class=\"wp-block-uagb-columns uagb-columns__wrap uagb-columns__background-none uagb-columns__stack-mobile uagb-columns__valign-bottom uagb-columns__gap-10 align uagb-block-4354b7f8 uagb-columns__columns-2 uagb-columns__max_width-theme\"><div class=\"uagb-columns__overlay\"><\/div><div class=\"uagb-columns__inner-wrap uagb-columns__columns-2\">\n<div class=\"wp-block-uagb-column uagb-column__wrap uagb-column__background-undefined uagb-block-620e5cc0\"><div class=\"uagb-column__overlay\"><\/div>\n<p class=\"has-text-align-right has-small-font-size\">Sanierung und Gestaltung der \u00f6ffentlichen Bereiche<br>des Bahnhofs der Stadt Idar Oberstein, LP 1-8<br>Nutzung: Bahnhof<br>Ort: Idar Oberstein<br>BGF: ca. 300 m\u00b2<br>Jahr 2016 \u2013 2018<\/p>\n<\/div>\n\n\n\n<div class=\"wp-block-uagb-column uagb-column__wrap uagb-column__background-undefined uagb-block-eb7d2d43\"><div class=\"uagb-column__overlay\"><\/div>\n<figure class=\"wp-block-image size-large\"><a href=\"https:\/\/sabinereiser.de\/?p=831\"><img loading=\"lazy\" decoding=\"async\" width=\"1024\" height=\"686\" src=\"https:\/\/sabinereiser.de\/wp-content\/uploads\/2021\/10\/bhf-1024x686.jpg\" alt=\"\" class=\"wp-image-277\" srcset=\"https:\/\/sabinereiser.de\/wp-content\/uploads\/2021\/10\/bhf-1024x686.jpg 1024w, https:\/\/sabinereiser.de\/wp-content\/uploads\/2021\/10\/bhf-300x201.jpg 300w, https:\/\/sabinereiser.de\/wp-content\/uploads\/2021\/10\/bhf-768x515.jpg 768w, https:\/\/sabinereiser.de\/wp-content\/uploads\/2021\/10\/bhf.jpg 1388w\" sizes=\"auto, (max-width: 1024px) 100vw, 1024px\" \/><\/a><\/figure>\n<\/div>\n<\/div><\/section>\n\n\n\n<section class=\"wp-block-uagb-columns uagb-columns__wrap uagb-columns__background-none uagb-columns__stack-mobile uagb-columns__valign- uagb-columns__gap-10 align uagb-block-f4aa1c5f uagb-columns__columns-3 uagb-columns__max_width-theme\"><div class=\"uagb-columns__overlay\"><\/div><div class=\"uagb-columns__inner-wrap uagb-columns__columns-3\">\n<div class=\"wp-block-uagb-column uagb-column__wrap uagb-column__background-undefined uagb-block-dc8b04b3\"><div class=\"uagb-column__overlay\"><\/div>\n<figure class=\"wp-block-image size-large\"><a href=\"https:\/\/sabinereiser.de\/?p=878\"><img loading=\"lazy\" decoding=\"async\" width=\"683\" height=\"1024\" src=\"https:\/\/sabinereiser.de\/wp-content\/uploads\/2021\/10\/cafe-683x1024.jpg\" alt=\"\" class=\"wp-image-276\" srcset=\"https:\/\/sabinereiser.de\/wp-content\/uploads\/2021\/10\/cafe-683x1024.jpg 683w, https:\/\/sabinereiser.de\/wp-content\/uploads\/2021\/10\/cafe-200x300.jpg 200w, https:\/\/sabinereiser.de\/wp-content\/uploads\/2021\/10\/cafe-768x1152.jpg 768w, https:\/\/sabinereiser.de\/wp-content\/uploads\/2021\/10\/cafe-1024x1536.jpg 1024w, https:\/\/sabinereiser.de\/wp-content\/uploads\/2021\/10\/cafe-1365x2048.jpg 1365w, https:\/\/sabinereiser.de\/wp-content\/uploads\/2021\/10\/cafe-scaled.jpg 1707w\" sizes=\"auto, (max-width: 683px) 100vw, 683px\" \/><\/a><\/figure>\n<\/div>\n\n\n\n<div class=\"wp-block-uagb-column uagb-column__wrap uagb-column__background-undefined uagb-block-5c9ef061\"><div class=\"uagb-column__overlay\"><\/div>\n<h3 class=\"wp-block-heading\">Tag der Architektur 2019<\/h3>\n\n\n\n<div style=\"height:100px\" aria-hidden=\"true\" class=\"wp-block-spacer uag-hide-mob uag-hide-mob\"><\/div>\n\n\n\n<p class=\"has-small-font-size\">Planung der Sanierung und des Umbaus des Caf\u00e9s der Lebenshilfe im Bahnhof Idar-Oberstein, LP 1-8<br>Nutzung: Caf\u00e9 und Kiosk<br>Ort: Idar Oberstein<br>BGF: ca. 125 m\u00b2<br>Jahr 2016 &#8211; 2018<\/p>\n<\/div>\n\n\n\n<div class=\"wp-block-uagb-column uagb-column__wrap uagb-column__background-undefined uagb-block-85f02b88 unten\"><div class=\"uagb-column__overlay\"><\/div>\n<figure class=\"wp-block-image size-full ticss-4d894ac9\"><a href=\"https:\/\/sabinereiser.de\/?p=888\"><img loading=\"lazy\" decoding=\"async\" width=\"410\" height=\"424\" src=\"https:\/\/sabinereiser.de\/wp-content\/uploads\/2021\/10\/artikel_bhf-Kopie.jpg\" alt=\"\" class=\"wp-image-220\" srcset=\"https:\/\/sabinereiser.de\/wp-content\/uploads\/2021\/10\/artikel_bhf-Kopie.jpg 410w, https:\/\/sabinereiser.de\/wp-content\/uploads\/2021\/10\/artikel_bhf-Kopie-290x300.jpg 290w\" sizes=\"auto, (max-width: 410px) 100vw, 410px\" \/><\/a><\/figure>\n<\/div>\n<\/div><\/section>\n\n\n\n<section class=\"wp-block-uagb-columns uagb-columns__wrap uagb-columns__background-none uagb-columns__stack-mobile uagb-columns__valign-bottom uagb-columns__gap-10 align uagb-block-e2990b31 uagb-columns__columns-2 uagb-columns__max_width-theme\"><div class=\"uagb-columns__overlay\"><\/div><div class=\"uagb-columns__inner-wrap uagb-columns__columns-2\">\n<div class=\"wp-block-uagb-column uagb-column__wrap uagb-column__background-undefined uagb-block-f7625d91\"><div class=\"uagb-column__overlay\"><\/div>\n<p class=\"has-text-align-right has-small-font-size\">Umbau der Nahepassage und Einrichtung der Ausstellung \u201eDie Nahe\u00fcberbauung\u201c,<br>LP 1-8<br>Nutzung: Erschlie\u00dfungsgeb\u00e4ude und Ausstellungsraum<br>Ort: Idar-Oberstein<br>BGF: ca. 380 m\u00b2<br>Jahr: 2016-2018<\/p>\n<\/div>\n\n\n\n<div class=\"wp-block-uagb-column uagb-column__wrap uagb-column__background-undefined uagb-block-952c1ef1\"><div class=\"uagb-column__overlay\"><\/div>\n<figure class=\"wp-block-image size-full\"><a href=\"https:\/\/sabinereiser.de\/?p=888\"><img loading=\"lazy\" decoding=\"async\" width=\"997\" height=\"669\" src=\"https:\/\/sabinereiser.de\/wp-content\/uploads\/2021\/10\/Element-10-80.jpg\" alt=\"\" class=\"wp-image-229\" srcset=\"https:\/\/sabinereiser.de\/wp-content\/uploads\/2021\/10\/Element-10-80.jpg 997w, https:\/\/sabinereiser.de\/wp-content\/uploads\/2021\/10\/Element-10-80-300x201.jpg 300w, https:\/\/sabinereiser.de\/wp-content\/uploads\/2021\/10\/Element-10-80-768x515.jpg 768w\" sizes=\"auto, (max-width: 997px) 100vw, 997px\" \/><\/a><\/figure>\n<\/div>\n<\/div><\/section>\n\n\n\n<section class=\"wp-block-uagb-columns uagb-columns__wrap uagb-columns__background-none uagb-columns__stack-mobile uagb-columns__valign-bottom uagb-columns__gap-10 align uagb-block-035e542d uagb-columns__columns-2 uagb-columns__max_width-theme\"><div class=\"uagb-columns__overlay\"><\/div><div class=\"uagb-columns__inner-wrap uagb-columns__columns-2\">\n<div class=\"wp-block-uagb-column uagb-column__wrap uagb-column__background-undefined uagb-block-98d5dd42\"><div class=\"uagb-column__overlay\"><\/div>\n<h3 class=\"wp-block-heading\">Tag der Architektur 2019<\/h3>\n\n\n\n<p class=\"has-small-font-size\">Dauerausstellung im Wasser Wissens Werk der Steinbachtalsperre zum Thema Trinkwassergewinnung,<br>LP 1-8 und Grafik<br>Nutzung: Dauerausstellung<br>Ort: Steinbachtalsperre<br>BGF: ca. 200 m\u00b2<br>Jahr: 2016 \u2013 2018<\/p>\n\n\n\n<figure class=\"wp-block-image size-large\"><a href=\"https:\/\/sabinereiser.de\/?p=902\"><img loading=\"lazy\" decoding=\"async\" width=\"1024\" height=\"687\" src=\"https:\/\/sabinereiser.de\/wp-content\/uploads\/2021\/10\/www-1024x687.jpg\" alt=\"\" class=\"wp-image-273\" srcset=\"https:\/\/sabinereiser.de\/wp-content\/uploads\/2021\/10\/www-1024x687.jpg 1024w, https:\/\/sabinereiser.de\/wp-content\/uploads\/2021\/10\/www-300x201.jpg 300w, https:\/\/sabinereiser.de\/wp-content\/uploads\/2021\/10\/www-768x515.jpg 768w, https:\/\/sabinereiser.de\/wp-content\/uploads\/2021\/10\/www.jpg 1332w\" sizes=\"auto, (max-width: 1024px) 100vw, 1024px\" \/><\/a><\/figure>\n<\/div>\n\n\n\n<div class=\"wp-block-uagb-column uagb-column__wrap uagb-column__background-undefined uagb-block-d9149fc1\"><div class=\"uagb-column__overlay\"><\/div>\n<h2 class=\"wp-block-heading has-text-align-center\">Materialbeschaffenheiten wie Texturen, Festigkeit und Farbe haben Einfluss auf die Raumwirkung in Bezug auf Tiefe und Atmosph\u00e4re. Entsprechend ist unsere Materialwahl f\u00fcr jedes Projekt einzigartig.<\/h2>\n<\/div>\n<\/div><\/section>\n\n\n\n<section class=\"wp-block-uagb-columns uagb-columns__wrap uagb-columns__background-none uagb-columns__stack-mobile uagb-columns__valign- uagb-columns__gap-10 align uagb-block-d948b706 uagb-columns__columns-2 uagb-columns__max_width-theme\"><div class=\"uagb-columns__overlay\"><\/div><div class=\"uagb-columns__inner-wrap uagb-columns__columns-2\">\n<div class=\"wp-block-uagb-column uagb-column__wrap uagb-column__background-undefined uagb-block-c519d18e\"><div class=\"uagb-column__overlay\"><\/div>\n<p class=\"has-text-align-right has-small-font-size\">Wettbewerb der Deutschen Bahn AG 2016,<br>Entwurf einer funktional, fu\u00dfl\u00e4ufigen und barrierefreien Anbindung der Kaiser-Wilhelmbr\u00fccke zur neuen Haltestation in Trier \u2013 Pallien<br><br>Ergebnis: Anerkennung<\/p>\n<\/div>\n\n\n\n<div class=\"wp-block-uagb-column uagb-column__wrap uagb-column__background-undefined uagb-block-d4a84486\"><div class=\"uagb-column__overlay\"><\/div>\n<figure class=\"wp-block-image size-large\"><a href=\"https:\/\/sabinereiser.de\/?p=822\"><img loading=\"lazy\" decoding=\"async\" width=\"1024\" height=\"576\" src=\"https:\/\/sabinereiser.de\/wp-content\/uploads\/2021\/10\/Pallien_tag-1024x576.jpg\" alt=\"\" class=\"wp-image-231\" srcset=\"https:\/\/sabinereiser.de\/wp-content\/uploads\/2021\/10\/Pallien_tag-1024x576.jpg 1024w, https:\/\/sabinereiser.de\/wp-content\/uploads\/2021\/10\/Pallien_tag-300x169.jpg 300w, https:\/\/sabinereiser.de\/wp-content\/uploads\/2021\/10\/Pallien_tag-768x432.jpg 768w, https:\/\/sabinereiser.de\/wp-content\/uploads\/2021\/10\/Pallien_tag-1536x864.jpg 1536w, https:\/\/sabinereiser.de\/wp-content\/uploads\/2021\/10\/Pallien_tag.jpg 1600w\" sizes=\"auto, (max-width: 1024px) 100vw, 1024px\" \/><\/a><\/figure>\n<\/div>\n<\/div><\/section>\n\n\n\n<section class=\"wp-block-uagb-columns uagb-columns__wrap uagb-columns__background-none uagb-columns__stack-mobile uagb-columns__valign-bottom uagb-columns__gap-10 align uagb-block-f0bf8d84 uagb-columns__columns-2 uagb-columns__max_width-theme\"><div class=\"uagb-columns__overlay\"><\/div><div class=\"uagb-columns__inner-wrap uagb-columns__columns-2\">\n<div class=\"wp-block-uagb-column uagb-column__wrap uagb-column__background-undefined uagb-block-ab576a47\"><div class=\"uagb-column__overlay\"><\/div>\n<figure class=\"wp-block-image size-large\"><a href=\"https:\/\/sabinereiser.de\/?p=798\"><img loading=\"lazy\" decoding=\"async\" width=\"1024\" height=\"576\" src=\"https:\/\/sabinereiser.de\/wp-content\/uploads\/2021\/10\/01_barbaratherme_1-1024x576.jpg\" alt=\"\" class=\"wp-image-232\" srcset=\"https:\/\/sabinereiser.de\/wp-content\/uploads\/2021\/10\/01_barbaratherme_1-1024x576.jpg 1024w, https:\/\/sabinereiser.de\/wp-content\/uploads\/2021\/10\/01_barbaratherme_1-300x169.jpg 300w, https:\/\/sabinereiser.de\/wp-content\/uploads\/2021\/10\/01_barbaratherme_1-768x432.jpg 768w, https:\/\/sabinereiser.de\/wp-content\/uploads\/2021\/10\/01_barbaratherme_1-1536x864.jpg 1536w, https:\/\/sabinereiser.de\/wp-content\/uploads\/2021\/10\/01_barbaratherme_1.jpg 1600w\" sizes=\"auto, (max-width: 1024px) 100vw, 1024px\" \/><\/a><\/figure>\n<\/div>\n\n\n\n<div class=\"wp-block-uagb-column uagb-column__wrap uagb-column__background-undefined uagb-block-b329343d\"><div class=\"uagb-column__overlay\"><\/div>\n<figure class=\"wp-block-image size-full is-resized\"><img loading=\"lazy\" decoding=\"async\" width=\"500\" height=\"320\" src=\"https:\/\/sabinereiser.de\/wp-content\/uploads\/2021\/10\/unesco_web.png\" alt=\"\" class=\"wp-image-350\" style=\"width:150px;height:96px\" srcset=\"https:\/\/sabinereiser.de\/wp-content\/uploads\/2021\/10\/unesco_web.png 500w, https:\/\/sabinereiser.de\/wp-content\/uploads\/2021\/10\/unesco_web-300x192.png 300w\" sizes=\"auto, (max-width: 500px) 100vw, 500px\" \/><\/figure>\n\n\n\n<p class=\"has-small-font-size\">Steganlage Barbarathermen, LP 1-8 und Grafik<br>Nutzung: Dauerausstellung<br>Ort: Trier<br>BGF: ca. 400 m\u00b2<br>Jahr 2014- 2015<\/p>\n<\/div>\n<\/div><\/section>\n\n\n\n<section class=\"wp-block-uagb-columns uagb-columns__wrap uagb-columns__background-none uagb-columns__stack-mobile uagb-columns__valign- uagb-columns__gap-10 align uagb-columns__reverse-mobile uagb-block-3f09d4af uagb-columns__columns-2 uagb-columns__max_width-theme\"><div class=\"uagb-columns__overlay\"><\/div><div class=\"uagb-columns__inner-wrap uagb-columns__columns-2\">\n<div class=\"wp-block-uagb-column uagb-column__wrap uagb-column__background-undefined uagb-block-caa76485\"><div class=\"uagb-column__overlay\"><\/div>\n<div style=\"height:46px\" aria-hidden=\"true\" class=\"wp-block-spacer\"><\/div>\n\n\n\n<p class=\"has-text-align-right has-small-font-size\">Aufstockung auf Rechtsanwaltskanzlei, LP 1-8<br>Nutzung: Wohnungen\/Vermietung<br>Ort: Trier<br>BGF: 123 m\u00b2<br>Jahr 2013- 2014<\/p>\n\n\n\n<div style=\"height:36px\" aria-hidden=\"true\" class=\"wp-block-spacer\"><\/div>\n\n\n\n<h2 class=\"wp-block-heading has-text-align-center\">Wir planen Erlebnisr\u00e4ume in Bezug auf die Geb\u00e4udekubatur, das Zusammenspiel von Licht und Schatten und die Konstruktion, im Innen und Au\u00dfenraum.<\/h2>\n<\/div>\n\n\n\n<div class=\"wp-block-uagb-column uagb-column__wrap uagb-column__background-undefined uagb-block-9e400e81\"><div class=\"uagb-column__overlay\"><\/div>\n<figure class=\"wp-block-image size-large\"><a href=\"https:\/\/sabinereiser.de\/?p=754\"><img loading=\"lazy\" decoding=\"async\" width=\"1024\" height=\"921\" src=\"https:\/\/sabinereiser.de\/wp-content\/uploads\/2021\/10\/hybrid_kanzlei-1024x921.jpg\" alt=\"\" class=\"wp-image-235\" srcset=\"https:\/\/sabinereiser.de\/wp-content\/uploads\/2021\/10\/hybrid_kanzlei-1024x921.jpg 1024w, https:\/\/sabinereiser.de\/wp-content\/uploads\/2021\/10\/hybrid_kanzlei-300x270.jpg 300w, https:\/\/sabinereiser.de\/wp-content\/uploads\/2021\/10\/hybrid_kanzlei-768x691.jpg 768w, https:\/\/sabinereiser.de\/wp-content\/uploads\/2021\/10\/hybrid_kanzlei.jpg 1054w\" sizes=\"auto, (max-width: 1024px) 100vw, 1024px\" \/><\/a><\/figure>\n<\/div>\n<\/div><\/section>\n\n\n\n<section class=\"wp-block-uagb-columns uagb-columns__wrap uagb-columns__background-none uagb-columns__stack-mobile uagb-columns__valign- uagb-columns__gap-10 align uagb-block-ea3ec2fc uagb-columns__columns-1 uagb-columns__max_width-theme\"><div class=\"uagb-columns__overlay\"><\/div><div class=\"uagb-columns__inner-wrap uagb-columns__columns-1\">\n<div class=\"wp-block-uagb-column uagb-column__wrap uagb-column__background-undefined uagb-block-bf701ebd\"><div class=\"uagb-column__overlay\"><\/div>\n<h2 class=\"wp-block-heading\">Leistungen<\/h2>\n<\/div>\n<\/div><\/section>\n\n\n\n<section class=\"wp-block-uagb-columns uagb-columns__wrap uagb-columns__background-none uagb-columns__stack-mobile uagb-columns__valign- uagb-columns__gap-10 align uagb-block-cc674942 uagb-columns__columns-3 uagb-columns__max_width-theme\"><div class=\"uagb-columns__overlay\"><\/div><div class=\"uagb-columns__inner-wrap uagb-columns__columns-3\">\n<div class=\"wp-block-uagb-column uagb-column__wrap uagb-column__background-undefined uagb-block-beab737a\"><div class=\"uagb-column__overlay\"><\/div>\n<p>Architektur<\/p>\n\n\n\n<p class=\"trennung block has-small-font-size\">Bauen im Bestand LP 1-9, Sanierung\/Umbauten und Modernisierung nach neuesten technischen u. energetischen Standards und in Zusammenarbeit mit der Denkmalpflege.<br><br>Neubauten nach neuesten energetischen Richtlinien mit Schwerpunkt Holzrahmenbau &#8211; Geb\u00e4udeklasse 4.<br><br>Beratung bei Hauskauf\/Immobilien\/energetischen Ma\u00dfnahmen.<\/p>\n\n\n\n<p class=\"has-small-font-size\">Erweiterung von Geb\u00e4uden (Aufstockungen) mit neuem Funktions- und Erschlie\u00dfungskonzepten, mit Anbindung an den Bestand.<br><br>Entwicklung von Geb\u00e4udestudien f\u00fcr \u00f6ffentliche und private Bauherrn.<\/p>\n<\/div>\n\n\n\n<div class=\"wp-block-uagb-column uagb-column__wrap uagb-column__background-undefined uagb-block-5f335c47 trennung block\"><div class=\"uagb-column__overlay\"><\/div>\n<p>Innenarchitektur<\/p>\n\n\n\n<p class=\"trennung block has-small-font-size\">Innenraumgestaltung mit \u00e4sthetischen, funktionalen und technischen Schwerpunkten, Beratung f\u00fcr Privatkunden.<\/p>\n\n\n\n<p class=\"trennung block has-small-font-size\">Entwicklung von Corporate Design oder ein Relaunch des Firmensitzes f\u00fcr einen wirksamer, innovativen und einzigartigen Aufritt.<br><br>Lichtplanung bestehender R\u00e4ume und neu geplanter R\u00e4ume und Geb\u00e4ude.<\/p>\n\n\n\n<p class=\"trennung block has-small-font-size\">Entwurf von individueller Wand- und Deckenmalerei bzw. Gestaltung.<br><br>Entwicklung von Farbkonzepten im Kontext bestehender Geb\u00e4ude und in Neubauten<\/p>\n<\/div>\n\n\n\n<div class=\"wp-block-uagb-column uagb-column__wrap uagb-column__background-undefined uagb-block-674dfefd trennung block\"><div class=\"uagb-column__overlay\"><\/div>\n<p>Ausstellungen und Design<\/p>\n\n\n\n<p class=\"ticss-99df8409 trennung block has-small-font-size\">Konzeption, Planung und Ausf\u00fchrung von festinstallierten und tempor\u00e4ren Ausstellungen im Kulturbereich und f\u00fcr Unternehmen.<\/p>\n\n\n\n<p class=\"ticss-fae0ff69 trennung block has-small-font-size\">Grafische Gestaltung und didaktische\/ thematische Bearbeitung\/Konzepterstellung von Ausstellungen und einzelnen Bestandteilen des Corporate Design.<\/p>\n\n\n\n<p class=\"ticss-fa938f35 trennung block has-small-font-size\">Individueller Entwurf von M\u00f6beln und Einrichtungselementen.<\/p>\n<\/div>\n<\/div><\/section>\n\n\n\n<section class=\"wp-block-uagb-columns uagb-columns__wrap uagb-columns__background-none uagb-columns__stack-mobile uagb-columns__valign- uagb-columns__gap-10 align uagb-block-7acf8437 uagb-columns__columns-2 uagb-columns__max_width-theme\"><div class=\"uagb-columns__overlay\"><\/div><div class=\"uagb-columns__inner-wrap uagb-columns__columns-2\">\n<div class=\"wp-block-uagb-column uagb-column__wrap uagb-column__background-undefined uagb-block-af77bc95 trennung block\"><div class=\"uagb-column__overlay\"><\/div>\n<h2 class=\"wp-block-heading has-text-align-right\">Standort<\/h2>\n\n\n\n<p class=\"has-text-align-left trennung block has-small-font-size\">Unser Standort befindet sich in der Direktoren Villa des ehemaligen Ausbesserungswerks der Bahn. Erbaut 1910 vom Baumeister und Ingenieur Ernst Spiro. Das Geb\u00e4ude wurde von mir 1998\/1999 in Zusammenarbeit mit der Denkmalpflege Trier und Mainz denkmalgerecht saniert und umgebaut.<\/p>\n\n\n\n<figure class=\"wp-block-image size-large\"><img loading=\"lazy\" decoding=\"async\" width=\"1024\" height=\"781\" src=\"https:\/\/sabinereiser.de\/wp-content\/uploads\/2021\/10\/anfahrt-1024x781.jpg\" alt=\"\" class=\"wp-image-237\" srcset=\"https:\/\/sabinereiser.de\/wp-content\/uploads\/2021\/10\/anfahrt-1024x781.jpg 1024w, https:\/\/sabinereiser.de\/wp-content\/uploads\/2021\/10\/anfahrt-300x229.jpg 300w, https:\/\/sabinereiser.de\/wp-content\/uploads\/2021\/10\/anfahrt-768x586.jpg 768w, https:\/\/sabinereiser.de\/wp-content\/uploads\/2021\/10\/anfahrt.jpg 1097w\" sizes=\"auto, (max-width: 1024px) 100vw, 1024px\" \/><\/figure>\n<\/div>\n\n\n\n<div class=\"wp-block-uagb-column uagb-column__wrap uagb-column__background-undefined uagb-block-65a579d1\"><div class=\"uagb-column__overlay\"><\/div>\n<figure class=\"wp-block-image size-full\"><img loading=\"lazy\" decoding=\"async\" width=\"670\" height=\"841\" src=\"https:\/\/sabinereiser.de\/wp-content\/uploads\/2021\/12\/SR-099-Kopie_crop.jpg\" alt=\"\" class=\"wp-image-1202\" srcset=\"https:\/\/sabinereiser.de\/wp-content\/uploads\/2021\/12\/SR-099-Kopie_crop.jpg 670w, https:\/\/sabinereiser.de\/wp-content\/uploads\/2021\/12\/SR-099-Kopie_crop-239x300.jpg 239w\" sizes=\"auto, (max-width: 670px) 100vw, 670px\" \/><\/figure>\n\n\n\n<div class=\"wp-block-columns is-layout-flex wp-container-core-columns-is-layout-9d6595d7 wp-block-columns-is-layout-flex\">\n<div class=\"wp-block-column is-layout-flow wp-block-column-is-layout-flow\" style=\"flex-basis:66.66%\">\n<p class=\"has-small-font-size\">Architekturb\u00fcro<br>Sabine Reiser<br>Eurener- Stra\u00dfe 59<br>54294 Trier<br><br>Telefon: +49 (0)651 9981 107<br>Fax: +49 (0)651 9981 109<br><br>E-Mail: <a href=\"mailto:info@sabinereiser.de\">E-Mail schreiben<\/a> | <a href=\"https:\/\/sabinereiser.de\/?page_id=1331\" data-type=\"page\" data-id=\"1331\">Impressum<\/a><\/p>\n<\/div>\n\n\n\n<div class=\"wp-block-column is-vertically-aligned-top is-layout-flow wp-block-column-is-layout-flow\" style=\"flex-basis:33.33%\"><div class=\"wp-block-image\">\n<figure class=\"alignright size-full is-resized\"><a href=\"https:\/\/www.facebook.com\/profile.php?id=100010655028132\" target=\"_blank\" rel=\"noopener\"><img loading=\"lazy\" decoding=\"async\" width=\"600\" height=\"600\" src=\"https:\/\/sabinereiser.de\/wp-content\/uploads\/2022\/03\/Facebook_f_logo.png\" alt=\"\" class=\"wp-image-1414\" style=\"width:50px;height:50px\" srcset=\"https:\/\/sabinereiser.de\/wp-content\/uploads\/2022\/03\/Facebook_f_logo.png 600w, https:\/\/sabinereiser.de\/wp-content\/uploads\/2022\/03\/Facebook_f_logo-300x300.png 300w, https:\/\/sabinereiser.de\/wp-content\/uploads\/2022\/03\/Facebook_f_logo-150x150.png 150w\" sizes=\"auto, (max-width: 600px) 100vw, 600px\" \/><\/a><\/figure>\n<\/div><\/div>\n<\/div>\n<\/div>\n<\/div><\/section>\n","protected":false},"excerpt":{"rendered":"<p>&#8230;und realisieren passgenaue, einzigartigeund effiziente Innen- und Au\u00dfen-Architektur nach Ihren pers\u00f6nlichen Anspr\u00fcchenim regionalen Kontext. *Wir sind dabei mit unseremPilotprojekt der seriellenFassadensanierungder Turnhalle in K\u00f6rperich* *gef\u00f6rdert durch:Holzbau Cluster Rheinland Pfalz* Datum: Montag, 29. September 2025Ort: Boutique Hotel Genusswerk Eifel | Bitburger Str. 1 | 54675 K\u00f6rperich Im Auftrag des Bundesministeriums f\u00fcr Wirtschaft und Energie (BMWE) entwickelt&hellip;&nbsp;<a href=\"https:\/\/sabinereiser.de\/\" rel=\"bookmark\">Weiterlesen &raquo;<span class=\"screen-reader-text\">Start N<\/span><\/a><\/p>\n","protected":false},"author":1,"featured_media":0,"parent":0,"menu_order":0,"comment_status":"closed","ping_status":"closed","template":"page-templates\/template-pagebuilder-full-width.php","meta":{"_uag_custom_page_level_css":"","neve_meta_sidebar":"","neve_meta_container":"","neve_meta_enable_content_width":"","neve_meta_content_width":0,"neve_meta_title_alignment":"","neve_meta_author_avatar":"","neve_post_elements_order":"","neve_meta_disable_header":"","neve_meta_disable_footer":"","neve_meta_disable_title":"","_themeisle_gutenberg_block_has_review":false,"footnotes":""},"class_list":["post-1436","page","type-page","status-publish","hentry"],"uagb_featured_image_src":{"full":false,"thumbnail":false,"medium":false,"medium_large":false,"large":false,"1536x1536":false,"2048x2048":false,"neve-blog":false},"uagb_author_info":{"display_name":"admin","author_link":"https:\/\/sabinereiser.de\/?author=1"},"uagb_comment_info":0,"uagb_excerpt":"&#8230;und realisieren passgenaue, einzigartigeund effiziente Innen- und Au\u00dfen-Architektur nach Ihren pers\u00f6nlichen Anspr\u00fcchenim regionalen Kontext. *Wir sind dabei mit unseremPilotprojekt der seriellenFassadensanierungder Turnhalle in K\u00f6rperich* *gef\u00f6rdert durch:Holzbau Cluster Rheinland Pfalz* Datum: Montag, 29. September 2025Ort: Boutique Hotel Genusswerk Eifel | Bitburger Str. 1 | 54675 K\u00f6rperich Im Auftrag des Bundesministeriums f\u00fcr Wirtschaft und Energie (BMWE) entwickelt&hellip;&nbsp;Weiterlesen&hellip;","_links":{"self":[{"href":"https:\/\/sabinereiser.de\/index.php?rest_route=\/wp\/v2\/pages\/1436","targetHints":{"allow":["GET"]}}],"collection":[{"href":"https:\/\/sabinereiser.de\/index.php?rest_route=\/wp\/v2\/pages"}],"about":[{"href":"https:\/\/sabinereiser.de\/index.php?rest_route=\/wp\/v2\/types\/page"}],"author":[{"embeddable":true,"href":"https:\/\/sabinereiser.de\/index.php?rest_route=\/wp\/v2\/users\/1"}],"replies":[{"embeddable":true,"href":"https:\/\/sabinereiser.de\/index.php?rest_route=%2Fwp%2Fv2%2Fcomments&post=1436"}],"version-history":[{"count":151,"href":"https:\/\/sabinereiser.de\/index.php?rest_route=\/wp\/v2\/pages\/1436\/revisions"}],"predecessor-version":[{"id":1893,"href":"https:\/\/sabinereiser.de\/index.php?rest_route=\/wp\/v2\/pages\/1436\/revisions\/1893"}],"wp:attachment":[{"href":"https:\/\/sabinereiser.de\/index.php?rest_route=%2Fwp%2Fv2%2Fmedia&parent=1436"}],"curies":[{"name":"wp","href":"https:\/\/api.w.org\/{rel}","templated":true}]}}